{"id":9,"date":"2018-10-08T20:02:58","date_gmt":"2018-10-08T20:02:58","guid":{"rendered":"https:\/\/maaljamuusika.ee\/?page_id=9"},"modified":"2024-08-10T19:31:47","modified_gmt":"2024-08-10T19:31:47","slug":"uudised","status":"publish","type":"page","link":"https:\/\/www.maaljamuusika.ee\/index.php\/uudised\/","title":{"rendered":"Uudised"},"content":{"rendered":"\t\t<div data-elementor-type=\"wp-page\" data-elementor-id=\"9\" class=\"elementor elementor-9\">\n\t\t\t\t\t\t<section class=\"elementor-section elementor-top-section elementor-element elementor-element-c773994 elementor-section-boxed elementor-section-height-default elementor-section-height-default\" data-id=\"c773994\" data-element_type=\"section\">\n\t\t\t\t\t\t<div class=\"elementor-container elementor-column-gap-default\">\n\t\t\t\t\t<div class=\"elementor-column elementor-col-100 elementor-top-column elementor-element elementor-element-4f2e471\" data-id=\"4f2e471\" data-element_type=\"column\">\n\t\t\t<div class=\"elementor-widget-wrap elementor-element-populated\">\n\t\t\t\t\t\t\t<\/div>\n\t\t<\/div>\n\t\t\t\t\t<\/div>\n\t\t<\/section>\n\t\t\t\t<section class=\"elementor-section elementor-top-section elementor-element elementor-element-53d3790 elementor-section-boxed elementor-section-height-default elementor-section-height-default\" data-id=\"53d3790\" data-element_type=\"section\">\n\t\t\t\t\t\t<div class=\"elementor-container elementor-column-gap-default\">\n\t\t\t\t\t<div class=\"elementor-column elementor-col-100 elementor-top-column elementor-element elementor-element-f470786\" data-id=\"f470786\" data-element_type=\"column\">\n\t\t\t<div class=\"elementor-widget-wrap\">\n\t\t\t\t\t\t\t<\/div>\n\t\t<\/div>\n\t\t\t\t\t<\/div>\n\t\t<\/section>\n\t\t\t\t<section class=\"elementor-section elementor-top-section elementor-element elementor-element-ce46b27 elementor-section-boxed elementor-section-height-default elementor-section-height-default\" data-id=\"ce46b27\" data-element_type=\"section\">\n\t\t\t\t\t\t<div class=\"elementor-container elementor-column-gap-default\">\n\t\t\t\t\t<div class=\"elementor-column elementor-col-100 elementor-top-column elementor-element elementor-element-e63e06e\" data-id=\"e63e06e\" data-element_type=\"column\">\n\t\t\t<div class=\"elementor-widget-wrap elementor-element-populated\">\n\t\t\t\t\t\t<div class=\"elementor-element elementor-element-6784d2b elementor-widget__width-initial elementor-widget elementor-widget-image\" data-id=\"6784d2b\" data-element_type=\"widget\" data-widget_type=\"image.default\">\n\t\t\t\t<div class=\"elementor-widget-container\">\n\t\t\t\t\t\t\t\t\t\t\t\t\t<img fetchpriority=\"high\" decoding=\"async\" width=\"768\" height=\"1024\" src=\"https:\/\/www.maaljamuusika.ee\/wp-content\/uploads\/2024\/07\/20240603_193238-768x1024.jpg\" class=\"attachment-large size-large wp-image-1164\" alt=\"\" srcset=\"https:\/\/www.maaljamuusika.ee\/wp-content\/uploads\/2024\/07\/20240603_193238-768x1024.jpg 768w, https:\/\/www.maaljamuusika.ee\/wp-content\/uploads\/2024\/07\/20240603_193238-225x300.jpg 225w, https:\/\/www.maaljamuusika.ee\/wp-content\/uploads\/2024\/07\/20240603_193238-1152x1536.jpg 1152w, https:\/\/www.maaljamuusika.ee\/wp-content\/uploads\/2024\/07\/20240603_193238-1536x2048.jpg 1536w, https:\/\/www.maaljamuusika.ee\/wp-content\/uploads\/2024\/07\/20240603_193238-scaled.jpg 1920w\" sizes=\"(max-width: 768px) 100vw, 768px\" \/>\t\t\t\t\t\t\t\t\t\t\t\t\t<\/div>\n\t\t\t\t<\/div>\n\t\t\t\t<div class=\"elementor-element elementor-element-53ed6c0 elementor-widget elementor-widget-text-editor\" data-id=\"53ed6c0\" data-element_type=\"widget\" data-widget_type=\"text-editor.default\">\n\t\t\t\t<div class=\"elementor-widget-container\">\n\t\t\t\t\t\t\t<p>Alates 04.06 &#8211; 30.08 on avatud Tartu Loodusmajas aadressil Lille tn 10\u00a0 Tartu maalikunstnik Kaie \u0160estakova- Karu \u00f5limaalide n\u00e4itus &#8220;Tumedast heledamaks&#8221;.<\/p><p>Kirjutan siia juurde ka veidi n\u00e4itusest ja kunstnikust.<\/p><p>Alustame kunstnikust. Kes on Kaie \u0160estakova-Karu. S\u00fcndinud on ta Tallinnas kunstnike peres. Kuid kui Kaie oli umbes kahe aastane, kolis pere Tartusse. Kust\u00a0 said alguse ka\u00a0 \u00f5pingud maalikunsti alal. Tema loomingu kirjeldamiseks v\u00f5iks kasutada s\u00f5nu v\u00e4rvid, selgus, lummav, m\u00fcstiline, rahu, meeleolu. K\u00f5ike seda on vaatajal v\u00f5imalik Kaie t\u00f6\u00f6des n\u00e4ha. Samuti on v\u00f5imalik saada tema\u00a0 maalidest rahu ja r\u00f5\u00f5mu. On palju inimesi, kes on \u00f6elnud, et vaadates Kaie t\u00f6id, siis hing puhkab ja ununevad k\u00f5ik maised mured. Kaie puhul on tegemist s\u00fcndinud maalikunstnikuga, kelle suurimaks sooviks on maalida ja tuua oma maalidega r\u00f5\u00f5mu inimestele.\u00a0<\/p><p>N\u00fc\u00fcd siis n\u00e4itusest. Tartu Loodusmajas olev n\u00e4itus on oma \u00fclesehituselt t\u00e4pselt nagu meie elu- kord on s\u00fcngem periood, siis j\u00e4lle heledam ehk helgem aeg. Vaadates valitud maale saab iga k\u00fclastaja viia ennast oma unistuste rajale, kus on m\u00fcstikat, \u00f5rnust, \u00e4rkamist jne, jne. Kui kellelgi\u00a0 tekib k\u00fcsimus, kas minna seda n\u00e4itust vaatama v\u00f5i mitte, siis minu soovitus on kindlasti minna ja\u00a0 uskuge mind, te ei kahetse. Nagu sai juba alguses \u00f6eldud on n\u00e4itus avatud kolmek\u00fcmnenda augustini ja k\u00f5iki neid maale on v\u00f5imalik ka endale soetada. Meeldivaid elamusi n\u00e4itusel ja kindlasti kirjutage oma kommentaar k\u00fclalisteraamatusse.\u00a0<\/p><p>Enno Karu.<\/p>\t\t\t\t\t\t<\/div>\n\t\t\t\t<\/div>\n\t\t\t\t\t<\/div>\n\t\t<\/div>\n\t\t\t\t\t<\/div>\n\t\t<\/section>\n\t\t\t\t<section class=\"elementor-section elementor-top-section elementor-element elementor-element-dbd08c3 elementor-section-boxed elementor-section-height-default elementor-section-height-default\" data-id=\"dbd08c3\" data-element_type=\"section\">\n\t\t\t\t\t\t<div class=\"elementor-container elementor-column-gap-default\">\n\t\t\t\t\t<div class=\"elementor-column elementor-col-100 elementor-top-column elementor-element elementor-element-0a3502c\" data-id=\"0a3502c\" data-element_type=\"column\">\n\t\t\t<div class=\"elementor-widget-wrap elementor-element-populated\">\n\t\t\t\t\t\t<div class=\"elementor-element elementor-element-d0c3edb elementor-widget elementor-widget-image\" data-id=\"d0c3edb\" data-element_type=\"widget\" data-widget_type=\"image.default\">\n\t\t\t\t<div class=\"elementor-widget-container\">\n\t\t\t\t\t\t\t\t\t\t\t\t\t<img decoding=\"async\" width=\"300\" height=\"200\" src=\"https:\/\/www.maaljamuusika.ee\/wp-content\/uploads\/2021\/02\/sirp_8_21_0025__art_r1-300x200.jpg\" class=\"attachment-medium size-medium wp-image-652\" alt=\"\" srcset=\"https:\/\/www.maaljamuusika.ee\/wp-content\/uploads\/2021\/02\/sirp_8_21_0025__art_r1-300x200.jpg 300w, https:\/\/www.maaljamuusika.ee\/wp-content\/uploads\/2021\/02\/sirp_8_21_0025__art_r1-1024x683.jpg 1024w, https:\/\/www.maaljamuusika.ee\/wp-content\/uploads\/2021\/02\/sirp_8_21_0025__art_r1-768x512.jpg 768w, https:\/\/www.maaljamuusika.ee\/wp-content\/uploads\/2021\/02\/sirp_8_21_0025__art_r1-1536x1024.jpg 1536w, https:\/\/www.maaljamuusika.ee\/wp-content\/uploads\/2021\/02\/sirp_8_21_0025__art_r1-2048x1366.jpg 2048w\" sizes=\"(max-width: 300px) 100vw, 300px\" \/>\t\t\t\t\t\t\t\t\t\t\t\t\t<\/div>\n\t\t\t\t<\/div>\n\t\t\t\t<div class=\"elementor-element elementor-element-d99c1a1 elementor-widget elementor-widget-text-editor\" data-id=\"d99c1a1\" data-element_type=\"widget\" data-widget_type=\"text-editor.default\">\n\t\t\t\t<div class=\"elementor-widget-container\">\n\t\t\t\t\t\t\t<p>Traditsioonilise soolokontserdi koha h\u00f5ivas Ferenc Liszti (1811\u20131886) fantaasia Beethoveni n\u00e4idendimuusika \u201eAteena varemed\u201c motiividel. Taas \u00fclimalt paslik lisandus \u00f5htu temaatilisele tervikule! Orkestri marsisaabastes sammuvat sissejuhatust m\u00e4\u00e4ris pisut riiaka intonatsiooniga metsasarv, ent ehmatuse kompenseeris kohe sooja ja meelitava k\u00f5laga klarnetite episoodiline duett (Soo-Young Lee ja Kevin Mattias Klasman). \u00dcksmeelse orkestriakordi j\u00e4rel tutvustas end oktavites tormleva soolokadentsiga pianist Sven-Sander\u00a0<span lang=\"ar-YE\">\u0160estakov<\/span>, kelle targalt kavandatud d\u00fcnaamilised t\u00f5usud olid v\u00e4gevad ja veenvad. Kuratliku k\u00f5laj\u00f5u ja kromatismidest tulvil jooksudega ilmestatud teine soolokadents sillutas tee teose k\u00f5ige ebamaisemale episoodile. Kaaluta oleku tunde l\u00f5id klaveri k\u00f5rgregistri p\u00e4rljad kujundid, saatmas puupuhkpillide \u00f5huliselt sujuvad repliigid. Triangli toredate aktsentide saatel marssis muusika peatumatu j\u00f5uga triumfeeriva l\u00f5pu poole.<\/p><p>Sven-Sander\u00a0<span lang=\"ar-YE\">\u0160estakovi j\u00f5uliselt kindlas m\u00e4ngus leiavad huvitava \u00fcksmeele introvertne s\u00fcvenemi<\/span>ne ja virtuoosne s\u00f5rmejooks. Ootan huviga, kuidas avaneb tema muusikaline varalaegas<span lang=\"ar-YE\">\u00a0m\u00f5nes m\u00e4rksa ulatuslikumas suurvormis.<\/span><\/p>\t\t\t\t\t\t<\/div>\n\t\t\t\t<\/div>\n\t\t\t\t\t<\/div>\n\t\t<\/div>\n\t\t\t\t\t<\/div>\n\t\t<\/section>\n\t\t\t\t<section class=\"elementor-section elementor-top-section elementor-element elementor-element-a53432a elementor-section-boxed elementor-section-height-default elementor-section-height-default\" data-id=\"a53432a\" data-element_type=\"section\">\n\t\t\t\t\t\t<div class=\"elementor-container elementor-column-gap-default\">\n\t\t\t\t\t<div class=\"elementor-column elementor-col-100 elementor-top-column elementor-element elementor-element-9070726\" data-id=\"9070726\" data-element_type=\"column\">\n\t\t\t<div class=\"elementor-widget-wrap elementor-element-populated\">\n\t\t\t\t\t\t<div class=\"elementor-element elementor-element-38b5bbc elementor-widget elementor-widget-image\" data-id=\"38b5bbc\" data-element_type=\"widget\" data-widget_type=\"image.default\">\n\t\t\t\t<div class=\"elementor-widget-container\">\n\t\t\t\t\t\t\t\t\t\t\t\t\t\t<a href=\"https:\/\/maaljamuusika.ee\/wp-content\/uploads\/2021\/06\/JuriShestakov.jpg\" data-elementor-open-lightbox=\"yes\" data-e-action-hash=\"#elementor-action%3Aaction%3Dlightbox%26settings%3DeyJpZCI6OTQxLCJ1cmwiOmZhbHNlfQ%3D%3D\">\n\t\t\t\t\t\t\t<img decoding=\"async\" src=\"https:\/\/maaljamuusika.ee\/wp-content\/uploads\/2021\/06\/JuriShestakov.jpg\" title=\"\" alt=\"\" loading=\"lazy\" \/>\t\t\t\t\t\t\t\t<\/a>\n\t\t\t\t\t\t\t\t\t\t\t\t\t<\/div>\n\t\t\t\t<\/div>\n\t\t\t\t<div class=\"elementor-element elementor-element-4faa97d elementor-widget elementor-widget-text-editor\" data-id=\"4faa97d\" data-element_type=\"widget\" data-widget_type=\"text-editor.default\">\n\t\t\t\t<div class=\"elementor-widget-container\">\n\t\t\t\t\t\t\t<p>T\u00e4na on minu isal J\u00fcri \u0160estakovil 85 aasta juubel ja selle t\u00e4htp\u00e4eva puhul tegime temaga \u00fche video kus juubilar r\u00e4\u00e4gib oma tegemistest Vanemuise teatri aegadest. Link video vaatamiseks on selline <a tabindex=\"0\" role=\"link\" href=\"https:\/\/youtu.be\/GMzUkWUv6bg?fbclid=IwAR3mbsaRoZQa9sddpG3RXGCVOCQ_ta2fntdv5WnIlhQ_-ewzkpEmPZZ3JZM\" target=\"_blank\" rel=\"nofollow noopener\">https:\/\/youtu.be\/GMzUkWUv6bg<\/a><\/p>\t\t\t\t\t\t<\/div>\n\t\t\t\t<\/div>\n\t\t\t\t\t<\/div>\n\t\t<\/div>\n\t\t\t\t\t<\/div>\n\t\t<\/section>\n\t\t\t\t<section class=\"elementor-section elementor-top-section elementor-element elementor-element-044b098 elementor-section-boxed elementor-section-height-default elementor-section-height-default\" data-id=\"044b098\" data-element_type=\"section\">\n\t\t\t\t\t\t<div class=\"elementor-container elementor-column-gap-default\">\n\t\t\t\t\t<div class=\"elementor-column elementor-col-100 elementor-top-column elementor-element elementor-element-95e82b3\" data-id=\"95e82b3\" data-element_type=\"column\">\n\t\t\t<div class=\"elementor-widget-wrap elementor-element-populated\">\n\t\t\t\t\t\t<div class=\"elementor-element elementor-element-f84b3c9 elementor-widget__width-initial elementor-widget elementor-widget-image\" data-id=\"f84b3c9\" data-element_type=\"widget\" data-widget_type=\"image.default\">\n\t\t\t\t<div class=\"elementor-widget-container\">\n\t\t\t\t\t\t\t\t\t\t\t\t\t<img decoding=\"async\" width=\"480\" height=\"684\" src=\"https:\/\/www.maaljamuusika.ee\/wp-content\/uploads\/2024\/07\/20210925_205224.jpg\" class=\"attachment-large size-large wp-image-1173\" alt=\"\" srcset=\"https:\/\/www.maaljamuusika.ee\/wp-content\/uploads\/2024\/07\/20210925_205224.jpg 480w, https:\/\/www.maaljamuusika.ee\/wp-content\/uploads\/2024\/07\/20210925_205224-211x300.jpg 211w\" sizes=\"(max-width: 480px) 100vw, 480px\" \/>\t\t\t\t\t\t\t\t\t\t\t\t\t<\/div>\n\t\t\t\t<\/div>\n\t\t\t\t<div class=\"elementor-element elementor-element-28abdef elementor-widget elementor-widget-text-editor\" data-id=\"28abdef\" data-element_type=\"widget\" data-widget_type=\"text-editor.default\">\n\t\t\t\t<div class=\"elementor-widget-container\">\n\t\t\t\t\t\t\t<p>Maal ja Muusikal on r\u00f5\u00f5m teatada, et veel on saadaval m\u00f5ned eksemplarid Heli \u0160estakova&nbsp; luulekogust &#8220;Meeleolud&#8221;. Heli \u0160estakova luuletustes on k\u00f5ike. R\u00f5\u00f5mu, kurbust, armastust ja ka veidi p\u00f5nevust. Tema luuletused r\u00e4\u00e4givad ka sellest elust, mis oli siis, kui tema ise noor oli. Soovitan seda luulekogu, mille on illustreerinud Heli t\u00fctar Kaie \u0160estakova-Karu.<\/p>\n<p>&nbsp;Raamatu hind on k\u00f5igest <strong>8\u20ac<\/strong><\/p>\t\t\t\t\t\t<\/div>\n\t\t\t\t<\/div>\n\t\t\t\t\t<\/div>\n\t\t<\/div>\n\t\t\t\t\t<\/div>\n\t\t<\/section>\n\t\t\t\t<section class=\"elementor-section elementor-top-section elementor-element elementor-element-e77b40a elementor-section-boxed elementor-section-height-default elementor-section-height-default\" data-id=\"e77b40a\" data-element_type=\"section\">\n\t\t\t\t\t\t<div class=\"elementor-container elementor-column-gap-default\">\n\t\t\t\t\t<div class=\"elementor-column elementor-col-100 elementor-top-column elementor-element elementor-element-df83782\" data-id=\"df83782\" data-element_type=\"column\">\n\t\t\t<div class=\"elementor-widget-wrap\">\n\t\t\t\t\t\t\t<\/div>\n\t\t<\/div>\n\t\t\t\t\t<\/div>\n\t\t<\/section>\n\t\t\t\t<\/div>\n\t\t","protected":false},"excerpt":{"rendered":"<p>Alates 04.06 &#8211; 30.08 on avatud Tartu Loodusmajas aadressil Lille tn 10\u00a0 Tartu maalikunstnik Kaie \u0160estakova- Karu \u00f5limaalide n\u00e4itus &#8220;Tumedast heledamaks&#8221;. Kirjutan siia juurde ka veidi n\u00e4itusest ja kunstnikust. Alustame kunstnikust. Kes on Kaie \u0160estakova-Karu. S\u00fcndinud on ta Tallinnas kunstnike peres. Kuid kui Kaie oli umbes kahe aastane, kolis pere Tartusse. Kust\u00a0 said alguse ka\u00a0 &hellip;<\/p>\n<p class=\"read-more\"> <a class=\"\" href=\"https:\/\/www.maaljamuusika.ee\/index.php\/uudised\/\"> <span class=\"screen-reader-text\">Uudised<\/span> Read More &raquo;<\/a><\/p>\n","protected":false},"author":1,"featured_media":0,"parent":0,"menu_order":0,"comment_status":"closed","ping_status":"closed","template":"","meta":{"footnotes":""},"class_list":["post-9","page","type-page","status-publish","hentry"],"_links":{"self":[{"href":"https:\/\/www.maaljamuusika.ee\/index.php\/wp-json\/wp\/v2\/pages\/9","targetHints":{"allow":["GET"]}}],"collection":[{"href":"https:\/\/www.maaljamuusika.ee\/index.php\/wp-json\/wp\/v2\/pages"}],"about":[{"href":"https:\/\/www.maaljamuusika.ee\/index.php\/wp-json\/wp\/v2\/types\/page"}],"author":[{"embeddable":true,"href":"https:\/\/www.maaljamuusika.ee\/index.php\/wp-json\/wp\/v2\/users\/1"}],"replies":[{"embeddable":true,"href":"https:\/\/www.maaljamuusika.ee\/index.php\/wp-json\/wp\/v2\/comments?post=9"}],"version-history":[{"count":5,"href":"https:\/\/www.maaljamuusika.ee\/index.php\/wp-json\/wp\/v2\/pages\/9\/revisions"}],"predecessor-version":[{"id":1409,"href":"https:\/\/www.maaljamuusika.ee\/index.php\/wp-json\/wp\/v2\/pages\/9\/revisions\/1409"}],"wp:attachment":[{"href":"https:\/\/www.maaljamuusika.ee\/index.php\/wp-json\/wp\/v2\/media?parent=9"}],"curies":[{"name":"wp","href":"https:\/\/api.w.org\/{rel}","templated":true}]}}