{"id":676,"date":"2021-02-27T14:39:42","date_gmt":"2021-02-27T14:39:42","guid":{"rendered":"https:\/\/maaljamuusika.ee\/?page_id=676"},"modified":"2021-04-25T13:49:20","modified_gmt":"2021-04-25T13:49:20","slug":"shestakovide-maalid","status":"publish","type":"page","link":"https:\/\/www.maaljamuusika.ee\/index.php\/shestakovide-maalid\/","title":{"rendered":"Shestakovide maalid"},"content":{"rendered":"\n<p><strong>J\u00fcri&nbsp;<\/strong><strong>\u0160<\/strong><strong>estakov&nbsp;<\/strong>(s\u00fcndinud Juri; 15. VI 1936&nbsp;<a href=\"http:\/\/etbl.teatriliit.ee\/artikkel\/peterburi4\">Leningrad<\/a>), maalikunstnik ja laulja (tenor).&nbsp;<a href=\"http:\/\/etbl.teatriliit.ee\/artikkel\/eesti_kunstnike_liit\">Eesti Kunstnike Liidu<\/a>&nbsp;liige (1969). Vanemad t\u00f6\u00f6lised. Oli aastast 1962 abielus&nbsp;<a href=\"http:\/\/etbl.teatriliit.ee\/artikkel\/%C5%A1estakova_heli1\">Heli \u0160estakovaga<\/a>.<\/p>\n\n\n\n<p>L\u00f5petas 1966 maali erialal&nbsp;<a href=\"http:\/\/etbl.teatriliit.ee\/artikkel\/eesti_kunstiakadeemia\">Eesti NSV Riikliku Kunstiinstituudi<\/a>, laulmist \u00f5ppinud&nbsp;<a href=\"http:\/\/etbl.teatriliit.ee\/artikkel\/lund_olga3\">Olga Lundi<\/a>,&nbsp;<a href=\"http:\/\/etbl.teatriliit.ee\/artikkel\/pai_henn3\">Henn Pai<\/a>&nbsp;ja&nbsp;<a href=\"http:\/\/etbl.teatriliit.ee\/artikkel\/ani_endel3\">Endel Ani<\/a>&nbsp;juures. T\u00f6\u00f6tanud 1971\u201381 (vaheaegadega)&nbsp;<a href=\"http:\/\/etbl.teatriliit.ee\/artikkel\/tartu1\">Tartu<\/a>&nbsp;<a href=\"http:\/\/etbl.teatriliit.ee\/artikkel\/ars2\">Arsi<\/a>&nbsp;dekooriateljees. Laulnud 1973\u201398 (vaheaegadega)&nbsp;<a href=\"http:\/\/etbl.teatriliit.ee\/artikkel\/vanemuine_(teater)\">Vanemuise<\/a>&nbsp;kooris, m\u00e4nginud s\u00f5nalavastustes, olnud 1999\u20132002 teatri dekoraator. Maalinud vanemuislasi.Osi:Esimene s\u00f5dur (<a href=\"http:\/\/etbl.teatriliit.ee\/artikkel\/kangro_raimo2\">Kangro<\/a>&nbsp;<em>Ohver<\/em>, 1983)Geronte (Faliku&nbsp;<em>Kelmuste kool<\/em>, 1984)<\/p>\n\n\n\n<h3 class=\"wp-block-heading\">Kirjandus<\/h3>\n\n\n\n<ul class=\"wp-block-list\"><li>R. Hanson.<em><a href=\"http:\/\/dea.digar.ee\/cgi-bin\/dea?a=d&amp;d=tartupostimees20160617.2.12.1&amp;e=-------et-25--1--txt-txIN%7ctxTI%7ctxAU%7ctxTA----------\" target=\"_blank\" rel=\"noreferrer noopener\"><em>Kunstnik j\u00e4i n\u00e4ituse tegemisel trammi alla<\/em><\/a><\/em><em>.&nbsp;<\/em>\u2013 Tartu Postimees, 17. juuni 2016<\/li><\/ul>\n\n\n\n<h3 class=\"wp-block-heading\">V\u00e4lislink<\/h3>\n\n\n\n<ul class=\"wp-block-list\"><li><em><a rel=\"noreferrer noopener\" href=\"http:\/\/arhiiv.err.ee\/vaata\/teatrivara-juri-sestakovi-maalid\" target=\"_blank\"><em>Teatrivara: J\u00fcri \u0160estakovi maalid<\/em><\/a><\/em>. \u2013 Eesti Rahvusringh\u00e4\u00e4lingu arhiiv (1990)<\/li><\/ul>\n\n\n\n<p><strong>J\u00fcri \u0160estakovi maalid<\/strong><\/p>\n\n\n\n<figure class=\"wp-block-image size-large is-resized\"><img fetchpriority=\"high\" decoding=\"async\" src=\"https:\/\/maaljamuusika.ee\/wp-content\/uploads\/2021\/03\/20210304_224621-1-1024x794.jpg\" alt=\"\" class=\"wp-image-785\" width=\"535\" height=\"415\" srcset=\"https:\/\/www.maaljamuusika.ee\/wp-content\/uploads\/2021\/03\/20210304_224621-1-1024x794.jpg 1024w, https:\/\/www.maaljamuusika.ee\/wp-content\/uploads\/2021\/03\/20210304_224621-1-300x233.jpg 300w, https:\/\/www.maaljamuusika.ee\/wp-content\/uploads\/2021\/03\/20210304_224621-1-768x595.jpg 768w, https:\/\/www.maaljamuusika.ee\/wp-content\/uploads\/2021\/03\/20210304_224621-1-1536x1191.jpg 1536w, https:\/\/www.maaljamuusika.ee\/wp-content\/uploads\/2021\/03\/20210304_224621-1-2048x1588.jpg 2048w\" sizes=\"(max-width: 535px) 100vw, 535px\" \/><figcaption>&#8220;Vana \u00f5unapuu&#8221; 1997a. (\u00f5li, l\u00f5uend) 59&#215;78,5<\/figcaption><\/figure>\n\n\n\n<figure class=\"wp-block-image size-large is-resized\"><img decoding=\"async\" src=\"https:\/\/maaljamuusika.ee\/wp-content\/uploads\/2021\/03\/20210304_224527-1-812x1024.jpg\" alt=\"\" class=\"wp-image-786\" width=\"538\" height=\"679\" srcset=\"https:\/\/www.maaljamuusika.ee\/wp-content\/uploads\/2021\/03\/20210304_224527-1-812x1024.jpg 812w, https:\/\/www.maaljamuusika.ee\/wp-content\/uploads\/2021\/03\/20210304_224527-1-238x300.jpg 238w, https:\/\/www.maaljamuusika.ee\/wp-content\/uploads\/2021\/03\/20210304_224527-1-768x968.jpg 768w, https:\/\/www.maaljamuusika.ee\/wp-content\/uploads\/2021\/03\/20210304_224527-1-1218x1536.jpg 1218w, https:\/\/www.maaljamuusika.ee\/wp-content\/uploads\/2021\/03\/20210304_224527-1-1624x2048.jpg 1624w, https:\/\/www.maaljamuusika.ee\/wp-content\/uploads\/2021\/03\/20210304_224527-1-scaled.jpg 2030w\" sizes=\"(max-width: 538px) 100vw, 538px\" \/><figcaption>&#8220;Purustatud nat\u00fc\u00fcrmort&#8221; (\u00f5li, l\u00f5uend) 81&#215;73<\/figcaption><\/figure>\n\n\n\n<p><\/p>\n\n\n\n<figure class=\"wp-block-image size-large is-resized\"><img decoding=\"async\" src=\"https:\/\/maaljamuusika.ee\/wp-content\/uploads\/2021\/03\/20210304_224734-1024x713.jpg\" alt=\"\" class=\"wp-image-782\" width=\"553\" height=\"385\" srcset=\"https:\/\/www.maaljamuusika.ee\/wp-content\/uploads\/2021\/03\/20210304_224734-1024x713.jpg 1024w, https:\/\/www.maaljamuusika.ee\/wp-content\/uploads\/2021\/03\/20210304_224734-300x209.jpg 300w, https:\/\/www.maaljamuusika.ee\/wp-content\/uploads\/2021\/03\/20210304_224734-768x535.jpg 768w, https:\/\/www.maaljamuusika.ee\/wp-content\/uploads\/2021\/03\/20210304_224734-1536x1070.jpg 1536w, https:\/\/www.maaljamuusika.ee\/wp-content\/uploads\/2021\/03\/20210304_224734-2048x1426.jpg 2048w\" sizes=\"(max-width: 553px) 100vw, 553px\" \/><figcaption>&#8220;Vanemuise park&#8221; 1997a( \u00f5li, l\u00f5uend) 63&#215;83 J\u00fcri \u0160estakov<\/figcaption><\/figure>\n\n\n\n<p><\/p>\n\n\n\n<figure class=\"wp-block-image size-large is-resized\"><img loading=\"lazy\" decoding=\"async\" src=\"https:\/\/maaljamuusika.ee\/wp-content\/uploads\/2021\/03\/20210304_224820-1-1024x755.jpg\" alt=\"\" class=\"wp-image-790\" width=\"557\" height=\"411\" srcset=\"https:\/\/www.maaljamuusika.ee\/wp-content\/uploads\/2021\/03\/20210304_224820-1-1024x755.jpg 1024w, https:\/\/www.maaljamuusika.ee\/wp-content\/uploads\/2021\/03\/20210304_224820-1-300x221.jpg 300w, https:\/\/www.maaljamuusika.ee\/wp-content\/uploads\/2021\/03\/20210304_224820-1-768x566.jpg 768w, https:\/\/www.maaljamuusika.ee\/wp-content\/uploads\/2021\/03\/20210304_224820-1-1536x1132.jpg 1536w, https:\/\/www.maaljamuusika.ee\/wp-content\/uploads\/2021\/03\/20210304_224820-1-2048x1510.jpg 2048w\" sizes=\"(max-width: 557px) 100vw, 557px\" \/><figcaption>&#8220;Kurepalu&#8221; temp. l\u00f5uend 1998a<\/figcaption><\/figure>\n\n\n\n<p><\/p>\n\n\n\n<figure class=\"wp-block-image size-large is-resized\"><img loading=\"lazy\" decoding=\"async\" src=\"https:\/\/maaljamuusika.ee\/wp-content\/uploads\/2021\/03\/20210304_224702-1-1024x764.jpg\" alt=\"\" class=\"wp-image-791\" width=\"559\" height=\"417\" srcset=\"https:\/\/www.maaljamuusika.ee\/wp-content\/uploads\/2021\/03\/20210304_224702-1-1024x764.jpg 1024w, https:\/\/www.maaljamuusika.ee\/wp-content\/uploads\/2021\/03\/20210304_224702-1-300x224.jpg 300w, https:\/\/www.maaljamuusika.ee\/wp-content\/uploads\/2021\/03\/20210304_224702-1-768x573.jpg 768w, https:\/\/www.maaljamuusika.ee\/wp-content\/uploads\/2021\/03\/20210304_224702-1-1536x1146.jpg 1536w, https:\/\/www.maaljamuusika.ee\/wp-content\/uploads\/2021\/03\/20210304_224702-1-2048x1528.jpg 2048w\" sizes=\"(max-width: 559px) 100vw, 559px\" \/><figcaption>&#8220;Tramm s\u00f5idab Lasnam\u00e4ele&#8221; (\u00f5li, l\u00f5uend) 1966a 70&#215;90<\/figcaption><\/figure>\n\n\n\n<p><\/p>\n\n\n\n<figure class=\"wp-block-image size-large is-resized\"><img loading=\"lazy\" decoding=\"async\" src=\"https:\/\/maaljamuusika.ee\/wp-content\/uploads\/2021\/03\/20210304_224342-1-827x1024.jpg\" alt=\"\" class=\"wp-image-792\" width=\"561\" height=\"695\" srcset=\"https:\/\/www.maaljamuusika.ee\/wp-content\/uploads\/2021\/03\/20210304_224342-1-827x1024.jpg 827w, https:\/\/www.maaljamuusika.ee\/wp-content\/uploads\/2021\/03\/20210304_224342-1-242x300.jpg 242w, https:\/\/www.maaljamuusika.ee\/wp-content\/uploads\/2021\/03\/20210304_224342-1-768x951.jpg 768w, https:\/\/www.maaljamuusika.ee\/wp-content\/uploads\/2021\/03\/20210304_224342-1-1240x1536.jpg 1240w, https:\/\/www.maaljamuusika.ee\/wp-content\/uploads\/2021\/03\/20210304_224342-1-1654x2048.jpg 1654w\" sizes=\"(max-width: 561px) 100vw, 561px\" \/><figcaption>&#8220;Aias&#8221; 1964a. (\u00f5li, l\u00f5uend) 72&#215;87<\/figcaption><\/figure>\n\n\n\n<p><\/p>\n\n\n\n<figure class=\"wp-block-image size-large is-resized\"><img loading=\"lazy\" decoding=\"async\" src=\"https:\/\/maaljamuusika.ee\/wp-content\/uploads\/2021\/03\/20210307_152730-1-628x1024.jpg\" alt=\"\" class=\"wp-image-798\" width=\"560\" height=\"914\" srcset=\"https:\/\/www.maaljamuusika.ee\/wp-content\/uploads\/2021\/03\/20210307_152730-1-628x1024.jpg 628w, https:\/\/www.maaljamuusika.ee\/wp-content\/uploads\/2021\/03\/20210307_152730-1-184x300.jpg 184w, https:\/\/www.maaljamuusika.ee\/wp-content\/uploads\/2021\/03\/20210307_152730-1-768x1252.jpg 768w, https:\/\/www.maaljamuusika.ee\/wp-content\/uploads\/2021\/03\/20210307_152730-1-942x1536.jpg 942w, https:\/\/www.maaljamuusika.ee\/wp-content\/uploads\/2021\/03\/20210307_152730-1-1256x2048.jpg 1256w, https:\/\/www.maaljamuusika.ee\/wp-content\/uploads\/2021\/03\/20210307_152730-1-scaled.jpg 1570w\" sizes=\"(max-width: 560px) 100vw, 560px\" \/><figcaption>&#8220;Vanaema&#8221; 1968a (116&#215;73) \u00f5li l\u00f5uend<\/figcaption><\/figure>\n\n\n\n<figure class=\"wp-block-image size-large is-resized\"><img loading=\"lazy\" decoding=\"async\" src=\"https:\/\/maaljamuusika.ee\/wp-content\/uploads\/2021\/03\/20210305_125311-954x1024.jpg\" alt=\"\" class=\"wp-image-799\" width=\"557\" height=\"597\" srcset=\"https:\/\/www.maaljamuusika.ee\/wp-content\/uploads\/2021\/03\/20210305_125311-954x1024.jpg 954w, https:\/\/www.maaljamuusika.ee\/wp-content\/uploads\/2021\/03\/20210305_125311-280x300.jpg 280w, https:\/\/www.maaljamuusika.ee\/wp-content\/uploads\/2021\/03\/20210305_125311-768x824.jpg 768w, https:\/\/www.maaljamuusika.ee\/wp-content\/uploads\/2021\/03\/20210305_125311-1432x1536.jpg 1432w, https:\/\/www.maaljamuusika.ee\/wp-content\/uploads\/2021\/03\/20210305_125311-1909x2048.jpg 1909w\" sizes=\"(max-width: 557px) 100vw, 557px\" \/><figcaption>&#8220;Geidi&#8221; (\u00f5li, papp) 60&#215;56,5<\/figcaption><\/figure>\n\n\n\n<figure class=\"wp-block-image size-large is-resized\"><img loading=\"lazy\" decoding=\"async\" src=\"https:\/\/maaljamuusika.ee\/wp-content\/uploads\/2021\/03\/20210304_224930-764x1024.jpg\" alt=\"\" class=\"wp-image-800\" width=\"556\" height=\"745\" srcset=\"https:\/\/www.maaljamuusika.ee\/wp-content\/uploads\/2021\/03\/20210304_224930-764x1024.jpg 764w, https:\/\/www.maaljamuusika.ee\/wp-content\/uploads\/2021\/03\/20210304_224930-224x300.jpg 224w, https:\/\/www.maaljamuusika.ee\/wp-content\/uploads\/2021\/03\/20210304_224930-768x1030.jpg 768w, https:\/\/www.maaljamuusika.ee\/wp-content\/uploads\/2021\/03\/20210304_224930-1146x1536.jpg 1146w, https:\/\/www.maaljamuusika.ee\/wp-content\/uploads\/2021\/03\/20210304_224930-1528x2048.jpg 1528w, https:\/\/www.maaljamuusika.ee\/wp-content\/uploads\/2021\/03\/20210304_224930-scaled.jpg 1909w\" sizes=\"(max-width: 556px) 100vw, 556px\" \/><figcaption>&#8220;Metsatee&#8221; (temp, l\u00f5uend) 1998a<\/figcaption><\/figure>\n\n\n\n<h1 class=\"wp-block-heading\">&#8220;Heli \u0160estakova&nbsp;(1940-2006)<\/h1>\n\n\n\n<h2 class=\"wp-block-heading\" id=\"sissejuh1\">S\u00fcndinud 1940. aastal, suri 2006. Oli Juri \u0160estakovi abikaasa. \u00d5ppis aastast 1953 Tartu Kunstikoolis, 1958. astus ERKI-sse, mille l\u00f5petas 1964. On t\u00f6\u00f6tanud kunsti\u00f5petajana. Alates 1969. aastast Eesti Kunstnike Liidu liige. Ta on esinenud v\u00e4ga paljudel \u00fchis-ja isikun\u00e4itustel. Alates 1990. aastast oli vabakunstnik. Viljelenud maastikumaali, samuti maalinud mitmeid portreid. Heli \u0160estakova abikaasa ja kolm last on kunstnikud ja seet\u00f5ttu on olnud ka peren\u00e4itusi, suurim oli 1997. aastal Tartu Kunstimajas. Viimaste aastate olulisemad n\u00e4itused olid &#8211; &#8220;V\u00e4ga isiklikud pildid&#8221; Tartu \u00dclikooli Humanitaarraamatukogus 2001. aastal, ning maalin\u00e4itus &#8220;Meeleolud&#8221; 2005. aastal Tartus Tampere majas, kus esitati ka tema luuletusi, viimaseks esinemiseks j\u00e4i osalemine n\u00e4itusel &#8220;Aja Kulg&#8221;.<\/h2>\n\n\n\n<p><strong>Heli \u0160estakova maalid<\/strong><\/p>\n\n\n\n<figure class=\"wp-block-image size-large is-resized\"><img loading=\"lazy\" decoding=\"async\" src=\"https:\/\/maaljamuusika.ee\/wp-content\/uploads\/2021\/03\/20210304_224856-2-1024x715.jpg\" alt=\"\" class=\"wp-image-793\" width=\"591\" height=\"412\" srcset=\"https:\/\/www.maaljamuusika.ee\/wp-content\/uploads\/2021\/03\/20210304_224856-2-1024x715.jpg 1024w, https:\/\/www.maaljamuusika.ee\/wp-content\/uploads\/2021\/03\/20210304_224856-2-300x210.jpg 300w, https:\/\/www.maaljamuusika.ee\/wp-content\/uploads\/2021\/03\/20210304_224856-2-768x537.jpg 768w, https:\/\/www.maaljamuusika.ee\/wp-content\/uploads\/2021\/03\/20210304_224856-2-1536x1073.jpg 1536w, https:\/\/www.maaljamuusika.ee\/wp-content\/uploads\/2021\/03\/20210304_224856-2-2048x1431.jpg 2048w\" sizes=\"(max-width: 591px) 100vw, 591px\" \/><figcaption>&#8220;Aed&#8221; (\u00f5li, papp) 1960a. 60&#215;84 <\/figcaption><\/figure>\n\n\n\n<p><\/p>\n\n\n\n<figure class=\"wp-block-image size-large is-resized\"><img loading=\"lazy\" decoding=\"async\" src=\"https:\/\/maaljamuusika.ee\/wp-content\/uploads\/2021\/03\/20210304_225011-1024x816.jpg\" alt=\"\" class=\"wp-image-797\" width=\"581\" height=\"369\"\/><figcaption>Inglismaa (\u00f5li masoniit) 55&#215;70,5<\/figcaption><\/figure>\n\n\n\n<figure class=\"wp-block-image size-large is-resized\"><img loading=\"lazy\" decoding=\"async\" src=\"https:\/\/maaljamuusika.ee\/wp-content\/uploads\/2021\/03\/20210307_155620-1024x866.jpg\" alt=\"\" class=\"wp-image-801\" width=\"577\" height=\"488\" srcset=\"https:\/\/www.maaljamuusika.ee\/wp-content\/uploads\/2021\/03\/20210307_155620-1024x866.jpg 1024w, https:\/\/www.maaljamuusika.ee\/wp-content\/uploads\/2021\/03\/20210307_155620-300x254.jpg 300w, https:\/\/www.maaljamuusika.ee\/wp-content\/uploads\/2021\/03\/20210307_155620-768x650.jpg 768w, https:\/\/www.maaljamuusika.ee\/wp-content\/uploads\/2021\/03\/20210307_155620-1536x1299.jpg 1536w, https:\/\/www.maaljamuusika.ee\/wp-content\/uploads\/2021\/03\/20210307_155620-2048x1733.jpg 2048w\" sizes=\"(max-width: 577px) 100vw, 577px\" \/><figcaption>&#8220;Ma tahaksin kodus olla (\u00f5li ,masoniit) <\/figcaption><\/figure>\n\n\n\n<figure class=\"wp-block-image size-large is-resized\"><img loading=\"lazy\" decoding=\"async\" src=\"https:\/\/maaljamuusika.ee\/wp-content\/uploads\/2021\/03\/20210307_154341-691x1024.jpg\" alt=\"\" class=\"wp-image-803\" width=\"569\" height=\"844\" srcset=\"https:\/\/www.maaljamuusika.ee\/wp-content\/uploads\/2021\/03\/20210307_154341-691x1024.jpg 691w, https:\/\/www.maaljamuusika.ee\/wp-content\/uploads\/2021\/03\/20210307_154341-203x300.jpg 203w, https:\/\/www.maaljamuusika.ee\/wp-content\/uploads\/2021\/03\/20210307_154341-768x1138.jpg 768w, https:\/\/www.maaljamuusika.ee\/wp-content\/uploads\/2021\/03\/20210307_154341-1037x1536.jpg 1037w, https:\/\/www.maaljamuusika.ee\/wp-content\/uploads\/2021\/03\/20210307_154341-1383x2048.jpg 1383w, https:\/\/www.maaljamuusika.ee\/wp-content\/uploads\/2021\/03\/20210307_154341-scaled.jpg 1728w\" sizes=\"(max-width: 569px) 100vw, 569px\" \/><figcaption>&#8220;Kaie&#8221;  83&#215;75(\u00f5li, papp) 1975a<\/figcaption><\/figure>\n\n\n\n<p><\/p>\n\n\n\n<figure class=\"wp-block-image size-large is-resized\"><img loading=\"lazy\" decoding=\"async\" src=\"https:\/\/maaljamuusika.ee\/wp-content\/uploads\/2021\/03\/20200111_191547-1-1024x920.jpg\" alt=\"\" class=\"wp-image-805\" width=\"573\" height=\"514\" srcset=\"https:\/\/www.maaljamuusika.ee\/wp-content\/uploads\/2021\/03\/20200111_191547-1-1024x920.jpg 1024w, https:\/\/www.maaljamuusika.ee\/wp-content\/uploads\/2021\/03\/20200111_191547-1-300x270.jpg 300w, https:\/\/www.maaljamuusika.ee\/wp-content\/uploads\/2021\/03\/20200111_191547-1-768x690.jpg 768w, https:\/\/www.maaljamuusika.ee\/wp-content\/uploads\/2021\/03\/20200111_191547-1-1536x1380.jpg 1536w, https:\/\/www.maaljamuusika.ee\/wp-content\/uploads\/2021\/03\/20200111_191547-1-2048x1840.jpg 2048w\" sizes=\"(max-width: 573px) 100vw, 573px\" \/><figcaption>&#8220;\u00d5unad&#8221; (\u00f5li masoniit) 59&#215;65 1984a<\/figcaption><\/figure>\n\n\n\n<figure class=\"wp-block-image size-large is-resized\"><img loading=\"lazy\" decoding=\"async\" src=\"https:\/\/maaljamuusika.ee\/wp-content\/uploads\/2021\/03\/20200111_193349-1-1024x768.jpg\" alt=\"\" class=\"wp-image-806\" width=\"576\" height=\"432\" srcset=\"https:\/\/www.maaljamuusika.ee\/wp-content\/uploads\/2021\/03\/20200111_193349-1-1024x768.jpg 1024w, https:\/\/www.maaljamuusika.ee\/wp-content\/uploads\/2021\/03\/20200111_193349-1-300x225.jpg 300w, https:\/\/www.maaljamuusika.ee\/wp-content\/uploads\/2021\/03\/20200111_193349-1-768x576.jpg 768w, https:\/\/www.maaljamuusika.ee\/wp-content\/uploads\/2021\/03\/20200111_193349-1-1536x1152.jpg 1536w, https:\/\/www.maaljamuusika.ee\/wp-content\/uploads\/2021\/03\/20200111_193349-1-2048x1536.jpg 2048w\" sizes=\"(max-width: 576px) 100vw, 576px\" \/><figcaption>&#8220;\u00d5htu mere \u00e4\u00e4res&#8221; (\u00f5li masoniit) 55&#215;73 1999a<\/figcaption><\/figure>\n\n\n\n<figure class=\"wp-block-image size-large is-resized\"><img loading=\"lazy\" decoding=\"async\" src=\"https:\/\/maaljamuusika.ee\/wp-content\/uploads\/2021\/03\/20210312_142841-856x1024.jpg\" alt=\"\" class=\"wp-image-820\" width=\"579\" height=\"692\" srcset=\"https:\/\/www.maaljamuusika.ee\/wp-content\/uploads\/2021\/03\/20210312_142841-856x1024.jpg 856w, https:\/\/www.maaljamuusika.ee\/wp-content\/uploads\/2021\/03\/20210312_142841-251x300.jpg 251w, https:\/\/www.maaljamuusika.ee\/wp-content\/uploads\/2021\/03\/20210312_142841-768x919.jpg 768w, https:\/\/www.maaljamuusika.ee\/wp-content\/uploads\/2021\/03\/20210312_142841-1283x1536.jpg 1283w, https:\/\/www.maaljamuusika.ee\/wp-content\/uploads\/2021\/03\/20210312_142841-1711x2048.jpg 1711w\" sizes=\"(max-width: 579px) 100vw, 579px\" \/><figcaption>Heli \u0160estakova &#8220;\u00d5unapuu \u00f5itseb&#8221; 1984a (\u00f5li masoniit) 65&#215;56<\/figcaption><\/figure>\n\n\n\n<figure class=\"wp-block-image size-large is-resized\"><img loading=\"lazy\" decoding=\"async\" src=\"https:\/\/maaljamuusika.ee\/wp-content\/uploads\/2021\/03\/20210312_142542-850x1024.jpg\" alt=\"\" class=\"wp-image-822\" width=\"586\" height=\"706\" srcset=\"https:\/\/www.maaljamuusika.ee\/wp-content\/uploads\/2021\/03\/20210312_142542-850x1024.jpg 850w, https:\/\/www.maaljamuusika.ee\/wp-content\/uploads\/2021\/03\/20210312_142542-249x300.jpg 249w, https:\/\/www.maaljamuusika.ee\/wp-content\/uploads\/2021\/03\/20210312_142542-768x925.jpg 768w, https:\/\/www.maaljamuusika.ee\/wp-content\/uploads\/2021\/03\/20210312_142542-1276x1536.jpg 1276w, https:\/\/www.maaljamuusika.ee\/wp-content\/uploads\/2021\/03\/20210312_142542-1701x2048.jpg 1701w\" sizes=\"(max-width: 586px) 100vw, 586px\" \/><figcaption>Heli \u0160estakova(Ploom) &#8220;Tsitadell&#8221; 1957a (\u00f5li, papp) 57&#215;47<\/figcaption><\/figure>\n\n\n\n<figure class=\"wp-block-image size-large is-resized\"><img loading=\"lazy\" decoding=\"async\" src=\"https:\/\/maaljamuusika.ee\/wp-content\/uploads\/2021\/03\/20210312_142315-842x1024.jpg\" alt=\"\" class=\"wp-image-823\" width=\"588\" height=\"715\" srcset=\"https:\/\/www.maaljamuusika.ee\/wp-content\/uploads\/2021\/03\/20210312_142315-842x1024.jpg 842w, https:\/\/www.maaljamuusika.ee\/wp-content\/uploads\/2021\/03\/20210312_142315-247x300.jpg 247w, https:\/\/www.maaljamuusika.ee\/wp-content\/uploads\/2021\/03\/20210312_142315-768x934.jpg 768w, https:\/\/www.maaljamuusika.ee\/wp-content\/uploads\/2021\/03\/20210312_142315-1263x1536.jpg 1263w, https:\/\/www.maaljamuusika.ee\/wp-content\/uploads\/2021\/03\/20210312_142315-1683x2048.jpg 1683w\" sizes=\"(max-width: 588px) 100vw, 588px\" \/><figcaption>Heli \u0160estakova &#8220;T\u00e4di Hiljale&#8221; 2000a (\u00f5li, l\u00f5uend papil) 52&#215;42,5<\/figcaption><\/figure>\n\n\n\n<figure class=\"wp-block-image size-large is-resized\"><img loading=\"lazy\" decoding=\"async\" src=\"https:\/\/maaljamuusika.ee\/wp-content\/uploads\/2021\/03\/20210312_141433-1024x882.jpg\" alt=\"\" class=\"wp-image-824\" width=\"591\" height=\"509\" srcset=\"https:\/\/www.maaljamuusika.ee\/wp-content\/uploads\/2021\/03\/20210312_141433-1024x882.jpg 1024w, https:\/\/www.maaljamuusika.ee\/wp-content\/uploads\/2021\/03\/20210312_141433-300x258.jpg 300w, https:\/\/www.maaljamuusika.ee\/wp-content\/uploads\/2021\/03\/20210312_141433-768x661.jpg 768w, https:\/\/www.maaljamuusika.ee\/wp-content\/uploads\/2021\/03\/20210312_141433-1536x1323.jpg 1536w, https:\/\/www.maaljamuusika.ee\/wp-content\/uploads\/2021\/03\/20210312_141433-2048x1763.jpg 2048w\" sizes=\"(max-width: 591px) 100vw, 591px\" \/><figcaption>Heli \u0160estakova &#8220;Tassike lapsep\u00f5lvest&#8221; (\u00f5li masoniit) 39&#215;45,8<\/figcaption><\/figure>\n\n\n\n<figure class=\"wp-block-image size-large is-resized\"><img loading=\"lazy\" decoding=\"async\" src=\"https:\/\/maaljamuusika.ee\/wp-content\/uploads\/2021\/03\/20210312_141233-1024x834.jpg\" alt=\"\" class=\"wp-image-825\" width=\"595\" height=\"485\" srcset=\"https:\/\/www.maaljamuusika.ee\/wp-content\/uploads\/2021\/03\/20210312_141233-1024x834.jpg 1024w, https:\/\/www.maaljamuusika.ee\/wp-content\/uploads\/2021\/03\/20210312_141233-300x244.jpg 300w, https:\/\/www.maaljamuusika.ee\/wp-content\/uploads\/2021\/03\/20210312_141233-768x625.jpg 768w, https:\/\/www.maaljamuusika.ee\/wp-content\/uploads\/2021\/03\/20210312_141233-1536x1251.jpg 1536w, https:\/\/www.maaljamuusika.ee\/wp-content\/uploads\/2021\/03\/20210312_141233-2048x1667.jpg 2048w\" sizes=\"(max-width: 595px) 100vw, 595px\" \/><figcaption>Heli \u0160estakova &#8221; Punased \u00f5unad&#8221;2000a (\u00f5li,papp) 40&#215;50<\/figcaption><\/figure>\n\n\n\n<p><\/p>\n\n\n\n<figure class=\"wp-block-image size-large is-resized\"><img loading=\"lazy\" decoding=\"async\" src=\"https:\/\/maaljamuusika.ee\/wp-content\/uploads\/2021\/03\/20210312_140744-1024x836.jpg\" alt=\"\" class=\"wp-image-826\" width=\"597\" height=\"487\" srcset=\"https:\/\/www.maaljamuusika.ee\/wp-content\/uploads\/2021\/03\/20210312_140744-1024x836.jpg 1024w, https:\/\/www.maaljamuusika.ee\/wp-content\/uploads\/2021\/03\/20210312_140744-300x245.jpg 300w, https:\/\/www.maaljamuusika.ee\/wp-content\/uploads\/2021\/03\/20210312_140744-768x627.jpg 768w, https:\/\/www.maaljamuusika.ee\/wp-content\/uploads\/2021\/03\/20210312_140744-1536x1254.jpg 1536w, https:\/\/www.maaljamuusika.ee\/wp-content\/uploads\/2021\/03\/20210312_140744-2048x1672.jpg 2048w\" sizes=\"(max-width: 597px) 100vw, 597px\" \/><figcaption>Heli \u0160estakova &#8220;Vanaema helde,lahke&#8221; 2000a (\u00f5li, papp) 50&#215;61,2<\/figcaption><\/figure>\n\n\n\n<figure class=\"wp-block-image size-large is-resized\"><img loading=\"lazy\" decoding=\"async\" src=\"https:\/\/maaljamuusika.ee\/wp-content\/uploads\/2021\/03\/20210312_140244-1024x863.jpg\" alt=\"\" class=\"wp-image-827\" width=\"599\" height=\"505\" srcset=\"https:\/\/www.maaljamuusika.ee\/wp-content\/uploads\/2021\/03\/20210312_140244-1024x863.jpg 1024w, https:\/\/www.maaljamuusika.ee\/wp-content\/uploads\/2021\/03\/20210312_140244-300x253.jpg 300w, https:\/\/www.maaljamuusika.ee\/wp-content\/uploads\/2021\/03\/20210312_140244-768x647.jpg 768w, https:\/\/www.maaljamuusika.ee\/wp-content\/uploads\/2021\/03\/20210312_140244-1536x1295.jpg 1536w, https:\/\/www.maaljamuusika.ee\/wp-content\/uploads\/2021\/03\/20210312_140244-2048x1727.jpg 2048w\" sizes=\"(max-width: 599px) 100vw, 599px\" \/><figcaption>Heli \u0160estakova &#8220;Roosid vanaemale&#8221; 2000a(\u00f5li l\u00f5uend papp) 50&#215;60<\/figcaption><\/figure>\n\n\n\n<h1 class=\"wp-block-heading\">Boris \u0160estakov&nbsp;(1963)<\/h1>\n\n\n\n<h2 class=\"wp-block-heading\" id=\"sissejuh1\">S\u00fcndinud 1963. aastal Tallinnas. \u00d5ppis 1978\u201382 Tartu Kunstikoolis ning 1983\u201389 ERKIs nahkehist\u00f6\u00f6d. 1989\u201391 ARSi nahakunstnik, 1989\u201393 Tartu Kunstikooli \u00f5petaja. Alates 1994 Kuressaare Kunstikooli direktor. 1999\u20132005 Saaremaa KL esimees.<\/h2>\n\n\n\n<figure class=\"wp-block-image size-large is-resized\"><img loading=\"lazy\" decoding=\"async\" src=\"https:\/\/maaljamuusika.ee\/wp-content\/uploads\/2021\/04\/Eluvesi_1-1024x717.jpg\" alt=\"\" class=\"wp-image-852\" width=\"585\" height=\"410\" srcset=\"https:\/\/www.maaljamuusika.ee\/wp-content\/uploads\/2021\/04\/Eluvesi_1-1024x717.jpg 1024w, https:\/\/www.maaljamuusika.ee\/wp-content\/uploads\/2021\/04\/Eluvesi_1-300x210.jpg 300w, https:\/\/www.maaljamuusika.ee\/wp-content\/uploads\/2021\/04\/Eluvesi_1-768x538.jpg 768w, https:\/\/www.maaljamuusika.ee\/wp-content\/uploads\/2021\/04\/Eluvesi_1-1536x1076.jpg 1536w, https:\/\/www.maaljamuusika.ee\/wp-content\/uploads\/2021\/04\/Eluvesi_1-2048x1434.jpg 2048w\" sizes=\"(max-width: 585px) 100vw, 585px\" \/><figcaption>Eluvesi   akvarell   15&#215;21      50\u20ac<\/figcaption><\/figure>\n\n\n\n<figure class=\"wp-block-image size-large is-resized\"><img loading=\"lazy\" decoding=\"async\" src=\"https:\/\/maaljamuusika.ee\/wp-content\/uploads\/2021\/04\/Eluvesi_3-1024x759.jpg\" alt=\"\" class=\"wp-image-853\" width=\"588\" height=\"435\" srcset=\"https:\/\/www.maaljamuusika.ee\/wp-content\/uploads\/2021\/04\/Eluvesi_3-1024x759.jpg 1024w, https:\/\/www.maaljamuusika.ee\/wp-content\/uploads\/2021\/04\/Eluvesi_3-300x223.jpg 300w, https:\/\/www.maaljamuusika.ee\/wp-content\/uploads\/2021\/04\/Eluvesi_3-768x570.jpg 768w, https:\/\/www.maaljamuusika.ee\/wp-content\/uploads\/2021\/04\/Eluvesi_3-1536x1139.jpg 1536w, https:\/\/www.maaljamuusika.ee\/wp-content\/uploads\/2021\/04\/Eluvesi_3-2048x1519.jpg 2048w\" sizes=\"(max-width: 588px) 100vw, 588px\" \/><figcaption>Eluvesi    akvarell (raamitud)  75\u20ac<\/figcaption><\/figure>\n\n\n\n<figure class=\"wp-block-image size-large is-resized\"><img loading=\"lazy\" decoding=\"async\" src=\"https:\/\/maaljamuusika.ee\/wp-content\/uploads\/2021\/04\/Kodukakk_1-673x1024.jpg\" alt=\"\" class=\"wp-image-854\" width=\"587\" height=\"894\" srcset=\"https:\/\/www.maaljamuusika.ee\/wp-content\/uploads\/2021\/04\/Kodukakk_1-673x1024.jpg 673w, https:\/\/www.maaljamuusika.ee\/wp-content\/uploads\/2021\/04\/Kodukakk_1-197x300.jpg 197w, https:\/\/www.maaljamuusika.ee\/wp-content\/uploads\/2021\/04\/Kodukakk_1-768x1168.jpg 768w, https:\/\/www.maaljamuusika.ee\/wp-content\/uploads\/2021\/04\/Kodukakk_1-1010x1536.jpg 1010w, https:\/\/www.maaljamuusika.ee\/wp-content\/uploads\/2021\/04\/Kodukakk_1.jpg 1155w\" sizes=\"(max-width: 587px) 100vw, 587px\" \/><figcaption>Kodukakk   linooll\u00f5ige   15&#215;21     50\u20ac<\/figcaption><\/figure>\n\n\n\n<figure class=\"wp-block-image size-large is-resized\"><img loading=\"lazy\" decoding=\"async\" src=\"https:\/\/maaljamuusika.ee\/wp-content\/uploads\/2021\/04\/Kodukakk_3-765x1024.jpg\" alt=\"\" class=\"wp-image-855\" width=\"599\" height=\"802\" srcset=\"https:\/\/www.maaljamuusika.ee\/wp-content\/uploads\/2021\/04\/Kodukakk_3-765x1024.jpg 765w, https:\/\/www.maaljamuusika.ee\/wp-content\/uploads\/2021\/04\/Kodukakk_3-224x300.jpg 224w, https:\/\/www.maaljamuusika.ee\/wp-content\/uploads\/2021\/04\/Kodukakk_3-768x1028.jpg 768w, https:\/\/www.maaljamuusika.ee\/wp-content\/uploads\/2021\/04\/Kodukakk_3-1147x1536.jpg 1147w, https:\/\/www.maaljamuusika.ee\/wp-content\/uploads\/2021\/04\/Kodukakk_3-1530x2048.jpg 1530w, https:\/\/www.maaljamuusika.ee\/wp-content\/uploads\/2021\/04\/Kodukakk_3-scaled.jpg 1912w\" sizes=\"(max-width: 599px) 100vw, 599px\" \/><figcaption>Kodukakk   linooll\u00f5ige (raamitud)   75\u20ac<\/figcaption><\/figure>\n\n\n\n<figure class=\"wp-block-image size-large is-resized\"><img loading=\"lazy\" decoding=\"async\" src=\"https:\/\/maaljamuusika.ee\/wp-content\/uploads\/2021\/04\/Peegeldused_1-702x1024.jpg\" alt=\"\" class=\"wp-image-856\" width=\"601\" height=\"877\" srcset=\"https:\/\/www.maaljamuusika.ee\/wp-content\/uploads\/2021\/04\/Peegeldused_1-702x1024.jpg 702w, https:\/\/www.maaljamuusika.ee\/wp-content\/uploads\/2021\/04\/Peegeldused_1-206x300.jpg 206w, https:\/\/www.maaljamuusika.ee\/wp-content\/uploads\/2021\/04\/Peegeldused_1-768x1121.jpg 768w, https:\/\/www.maaljamuusika.ee\/wp-content\/uploads\/2021\/04\/Peegeldused_1-1052x1536.jpg 1052w, https:\/\/www.maaljamuusika.ee\/wp-content\/uploads\/2021\/04\/Peegeldused_1-1403x2048.jpg 1403w, https:\/\/www.maaljamuusika.ee\/wp-content\/uploads\/2021\/04\/Peegeldused_1-scaled.jpg 1754w\" sizes=\"(max-width: 601px) 100vw, 601px\" \/><figcaption>Peegeldused     akvarell    15&#215;21    50\u20ac<\/figcaption><\/figure>\n\n\n\n<figure class=\"wp-block-image size-large is-resized\"><img loading=\"lazy\" decoding=\"async\" src=\"https:\/\/maaljamuusika.ee\/wp-content\/uploads\/2021\/04\/Peegeldused_3-2-767x1024.jpg\" alt=\"\" class=\"wp-image-861\" width=\"610\" height=\"815\" srcset=\"https:\/\/www.maaljamuusika.ee\/wp-content\/uploads\/2021\/04\/Peegeldused_3-2-767x1024.jpg 767w, https:\/\/www.maaljamuusika.ee\/wp-content\/uploads\/2021\/04\/Peegeldused_3-2-225x300.jpg 225w, https:\/\/www.maaljamuusika.ee\/wp-content\/uploads\/2021\/04\/Peegeldused_3-2-768x1025.jpg 768w, https:\/\/www.maaljamuusika.ee\/wp-content\/uploads\/2021\/04\/Peegeldused_3-2-1151x1536.jpg 1151w, https:\/\/www.maaljamuusika.ee\/wp-content\/uploads\/2021\/04\/Peegeldused_3-2-1535x2048.jpg 1535w, https:\/\/www.maaljamuusika.ee\/wp-content\/uploads\/2021\/04\/Peegeldused_3-2-scaled.jpg 1918w\" sizes=\"(max-width: 610px) 100vw, 610px\" \/><figcaption>Peegeldused   akvarell (raamitud)   75\u20ac<\/figcaption><\/figure>\n\n\n\n<figure class=\"wp-block-image size-large is-resized\"><img loading=\"lazy\" decoding=\"async\" src=\"https:\/\/maaljamuusika.ee\/wp-content\/uploads\/2021\/04\/Plinkiv-tuletorn_1-1-660x1024.jpg\" alt=\"\" class=\"wp-image-863\" width=\"613\" height=\"951\" srcset=\"https:\/\/www.maaljamuusika.ee\/wp-content\/uploads\/2021\/04\/Plinkiv-tuletorn_1-1-660x1024.jpg 660w, https:\/\/www.maaljamuusika.ee\/wp-content\/uploads\/2021\/04\/Plinkiv-tuletorn_1-1-193x300.jpg 193w, https:\/\/www.maaljamuusika.ee\/wp-content\/uploads\/2021\/04\/Plinkiv-tuletorn_1-1-768x1191.jpg 768w, https:\/\/www.maaljamuusika.ee\/wp-content\/uploads\/2021\/04\/Plinkiv-tuletorn_1-1-990x1536.jpg 990w, https:\/\/www.maaljamuusika.ee\/wp-content\/uploads\/2021\/04\/Plinkiv-tuletorn_1-1-1320x2048.jpg 1320w, https:\/\/www.maaljamuusika.ee\/wp-content\/uploads\/2021\/04\/Plinkiv-tuletorn_1-1-scaled.jpg 1650w\" sizes=\"(max-width: 613px) 100vw, 613px\" \/><figcaption>Plinkiv tuletorn  akvarell   15&#215;21    50\u20ac<\/figcaption><\/figure>\n\n\n\n<figure class=\"wp-block-image size-large is-resized\"><img loading=\"lazy\" decoding=\"async\" src=\"https:\/\/maaljamuusika.ee\/wp-content\/uploads\/2021\/04\/Plinkiv-tuletorn_3-762x1024.jpg\" alt=\"\" class=\"wp-image-864\" width=\"618\" height=\"830\" srcset=\"https:\/\/www.maaljamuusika.ee\/wp-content\/uploads\/2021\/04\/Plinkiv-tuletorn_3-762x1024.jpg 762w, https:\/\/www.maaljamuusika.ee\/wp-content\/uploads\/2021\/04\/Plinkiv-tuletorn_3-223x300.jpg 223w, https:\/\/www.maaljamuusika.ee\/wp-content\/uploads\/2021\/04\/Plinkiv-tuletorn_3-768x1031.jpg 768w, https:\/\/www.maaljamuusika.ee\/wp-content\/uploads\/2021\/04\/Plinkiv-tuletorn_3-1144x1536.jpg 1144w, https:\/\/www.maaljamuusika.ee\/wp-content\/uploads\/2021\/04\/Plinkiv-tuletorn_3-1525x2048.jpg 1525w, https:\/\/www.maaljamuusika.ee\/wp-content\/uploads\/2021\/04\/Plinkiv-tuletorn_3-scaled.jpg 1906w\" sizes=\"(max-width: 618px) 100vw, 618px\" \/><figcaption>Plinkiv tuletorn    akvarell (raamitud)   75\u20ac<\/figcaption><\/figure>\n\n\n\n<figure class=\"wp-block-image size-large is-resized\"><img loading=\"lazy\" decoding=\"async\" src=\"https:\/\/maaljamuusika.ee\/wp-content\/uploads\/2021\/04\/Punane-poder_1-717x1024.jpg\" alt=\"\" class=\"wp-image-866\" width=\"619\" height=\"884\" srcset=\"https:\/\/www.maaljamuusika.ee\/wp-content\/uploads\/2021\/04\/Punane-poder_1-717x1024.jpg 717w, https:\/\/www.maaljamuusika.ee\/wp-content\/uploads\/2021\/04\/Punane-poder_1-210x300.jpg 210w, https:\/\/www.maaljamuusika.ee\/wp-content\/uploads\/2021\/04\/Punane-poder_1-768x1098.jpg 768w, https:\/\/www.maaljamuusika.ee\/wp-content\/uploads\/2021\/04\/Punane-poder_1-1075x1536.jpg 1075w, https:\/\/www.maaljamuusika.ee\/wp-content\/uploads\/2021\/04\/Punane-poder_1-1433x2048.jpg 1433w, https:\/\/www.maaljamuusika.ee\/wp-content\/uploads\/2021\/04\/Punane-poder_1.jpg 1701w\" sizes=\"(max-width: 619px) 100vw, 619px\" \/><figcaption>Punane p\u00f5der  akvarell  15&#215;21   50\u20ac<\/figcaption><\/figure>\n\n\n\n<figure class=\"wp-block-image size-large is-resized\"><img loading=\"lazy\" decoding=\"async\" src=\"https:\/\/maaljamuusika.ee\/wp-content\/uploads\/2021\/04\/Punane-poder_3-3-793x1024.jpg\" alt=\"\" class=\"wp-image-874\" width=\"623\" height=\"804\" srcset=\"https:\/\/www.maaljamuusika.ee\/wp-content\/uploads\/2021\/04\/Punane-poder_3-3-793x1024.jpg 793w, https:\/\/www.maaljamuusika.ee\/wp-content\/uploads\/2021\/04\/Punane-poder_3-3-232x300.jpg 232w, https:\/\/www.maaljamuusika.ee\/wp-content\/uploads\/2021\/04\/Punane-poder_3-3-768x992.jpg 768w, https:\/\/www.maaljamuusika.ee\/wp-content\/uploads\/2021\/04\/Punane-poder_3-3-1189x1536.jpg 1189w, https:\/\/www.maaljamuusika.ee\/wp-content\/uploads\/2021\/04\/Punane-poder_3-3-1586x2048.jpg 1586w, https:\/\/www.maaljamuusika.ee\/wp-content\/uploads\/2021\/04\/Punane-poder_3-3-scaled.jpg 1982w\" sizes=\"(max-width: 623px) 100vw, 623px\" \/><figcaption>Punane p\u00f5der akvarell (raamitud)    75\u20ac<\/figcaption><\/figure>\n\n\n\n<figure class=\"wp-block-image size-large is-resized\"><img loading=\"lazy\" decoding=\"async\" src=\"https:\/\/maaljamuusika.ee\/wp-content\/uploads\/2021\/04\/Paikesekergitajad_1-711x1024.jpg\" alt=\"\" class=\"wp-image-875\" width=\"623\" height=\"897\" srcset=\"https:\/\/www.maaljamuusika.ee\/wp-content\/uploads\/2021\/04\/Paikesekergitajad_1-711x1024.jpg 711w, https:\/\/www.maaljamuusika.ee\/wp-content\/uploads\/2021\/04\/Paikesekergitajad_1-208x300.jpg 208w, https:\/\/www.maaljamuusika.ee\/wp-content\/uploads\/2021\/04\/Paikesekergitajad_1-768x1106.jpg 768w, https:\/\/www.maaljamuusika.ee\/wp-content\/uploads\/2021\/04\/Paikesekergitajad_1-1067x1536.jpg 1067w, https:\/\/www.maaljamuusika.ee\/wp-content\/uploads\/2021\/04\/Paikesekergitajad_1.jpg 1219w\" sizes=\"(max-width: 623px) 100vw, 623px\" \/><figcaption>P\u00e4ikesekergitajad   akvarell  15&#215;21     75\u20ac<\/figcaption><\/figure>\n\n\n\n<figure class=\"wp-block-image size-large is-resized\"><img loading=\"lazy\" decoding=\"async\" src=\"https:\/\/maaljamuusika.ee\/wp-content\/uploads\/2021\/04\/Paikesekergitajad_3-767x1024.jpg\" alt=\"\" class=\"wp-image-876\" width=\"630\" height=\"841\" srcset=\"https:\/\/www.maaljamuusika.ee\/wp-content\/uploads\/2021\/04\/Paikesekergitajad_3-767x1024.jpg 767w, https:\/\/www.maaljamuusika.ee\/wp-content\/uploads\/2021\/04\/Paikesekergitajad_3-225x300.jpg 225w, https:\/\/www.maaljamuusika.ee\/wp-content\/uploads\/2021\/04\/Paikesekergitajad_3-768x1025.jpg 768w, https:\/\/www.maaljamuusika.ee\/wp-content\/uploads\/2021\/04\/Paikesekergitajad_3-1151x1536.jpg 1151w, https:\/\/www.maaljamuusika.ee\/wp-content\/uploads\/2021\/04\/Paikesekergitajad_3-1535x2048.jpg 1535w, https:\/\/www.maaljamuusika.ee\/wp-content\/uploads\/2021\/04\/Paikesekergitajad_3-scaled.jpg 1918w\" sizes=\"(max-width: 630px) 100vw, 630px\" \/><figcaption>P\u00e4ikesekergitajad  akvarell (raamitud)   75\u20ac<\/figcaption><\/figure>\n\n\n\n<figure class=\"wp-block-image size-large is-resized\"><img loading=\"lazy\" decoding=\"async\" src=\"https:\/\/maaljamuusika.ee\/wp-content\/uploads\/2021\/04\/Rannakarjamaal_1-1024x697.jpg\" alt=\"\" class=\"wp-image-878\" width=\"628\" height=\"427\" srcset=\"https:\/\/www.maaljamuusika.ee\/wp-content\/uploads\/2021\/04\/Rannakarjamaal_1-1024x697.jpg 1024w, https:\/\/www.maaljamuusika.ee\/wp-content\/uploads\/2021\/04\/Rannakarjamaal_1-300x204.jpg 300w, https:\/\/www.maaljamuusika.ee\/wp-content\/uploads\/2021\/04\/Rannakarjamaal_1-768x523.jpg 768w, https:\/\/www.maaljamuusika.ee\/wp-content\/uploads\/2021\/04\/Rannakarjamaal_1-1536x1045.jpg 1536w, https:\/\/www.maaljamuusika.ee\/wp-content\/uploads\/2021\/04\/Rannakarjamaal_1-2048x1394.jpg 2048w\" sizes=\"(max-width: 628px) 100vw, 628px\" \/><figcaption>Rannakarjamaal  akvarell 15&#215;21  50\u20ac<\/figcaption><\/figure>\n\n\n\n<figure class=\"wp-block-image size-large is-resized\"><img loading=\"lazy\" decoding=\"async\" src=\"https:\/\/maaljamuusika.ee\/wp-content\/uploads\/2021\/04\/Rannakarjamaal_3-1024x760.jpg\" alt=\"\" class=\"wp-image-880\" width=\"631\" height=\"469\" srcset=\"https:\/\/www.maaljamuusika.ee\/wp-content\/uploads\/2021\/04\/Rannakarjamaal_3-1024x760.jpg 1024w, https:\/\/www.maaljamuusika.ee\/wp-content\/uploads\/2021\/04\/Rannakarjamaal_3-300x223.jpg 300w, https:\/\/www.maaljamuusika.ee\/wp-content\/uploads\/2021\/04\/Rannakarjamaal_3-768x570.jpg 768w, https:\/\/www.maaljamuusika.ee\/wp-content\/uploads\/2021\/04\/Rannakarjamaal_3-1536x1139.jpg 1536w, https:\/\/www.maaljamuusika.ee\/wp-content\/uploads\/2021\/04\/Rannakarjamaal_3-2048x1519.jpg 2048w\" sizes=\"(max-width: 631px) 100vw, 631px\" \/><figcaption>Rannakarjamaal akvarell (raamitud)    75\u20ac<\/figcaption><\/figure>\n\n\n\n<figure class=\"wp-block-image size-large is-resized\"><img loading=\"lazy\" decoding=\"async\" src=\"https:\/\/maaljamuusika.ee\/wp-content\/uploads\/2021\/04\/Rannakula_1-1024x727.jpg\" alt=\"\" class=\"wp-image-881\" width=\"628\" height=\"446\" srcset=\"https:\/\/www.maaljamuusika.ee\/wp-content\/uploads\/2021\/04\/Rannakula_1-1024x727.jpg 1024w, https:\/\/www.maaljamuusika.ee\/wp-content\/uploads\/2021\/04\/Rannakula_1-300x213.jpg 300w, https:\/\/www.maaljamuusika.ee\/wp-content\/uploads\/2021\/04\/Rannakula_1-768x546.jpg 768w, https:\/\/www.maaljamuusika.ee\/wp-content\/uploads\/2021\/04\/Rannakula_1-1536x1091.jpg 1536w, https:\/\/www.maaljamuusika.ee\/wp-content\/uploads\/2021\/04\/Rannakula_1-2048x1455.jpg 2048w\" sizes=\"(max-width: 628px) 100vw, 628px\" \/><figcaption>Rannak\u00fcla   15&#215;21  akvarell    50\u20ac<\/figcaption><\/figure>\n\n\n\n<figure class=\"wp-block-image size-large is-resized\"><img loading=\"lazy\" decoding=\"async\" src=\"https:\/\/maaljamuusika.ee\/wp-content\/uploads\/2021\/04\/Rannakula_3-1024x759.jpg\" alt=\"\" class=\"wp-image-882\" width=\"629\" height=\"466\" srcset=\"https:\/\/www.maaljamuusika.ee\/wp-content\/uploads\/2021\/04\/Rannakula_3-1024x759.jpg 1024w, https:\/\/www.maaljamuusika.ee\/wp-content\/uploads\/2021\/04\/Rannakula_3-300x222.jpg 300w, https:\/\/www.maaljamuusika.ee\/wp-content\/uploads\/2021\/04\/Rannakula_3-768x569.jpg 768w, https:\/\/www.maaljamuusika.ee\/wp-content\/uploads\/2021\/04\/Rannakula_3-1536x1139.jpg 1536w, https:\/\/www.maaljamuusika.ee\/wp-content\/uploads\/2021\/04\/Rannakula_3-2048x1518.jpg 2048w\" sizes=\"(max-width: 629px) 100vw, 629px\" \/><figcaption>Rannak\u00fcla  akvarell (raamitud)   75\u20ac<\/figcaption><\/figure>\n\n\n\n<figure class=\"wp-block-image size-large is-resized\"><img loading=\"lazy\" decoding=\"async\" src=\"https:\/\/maaljamuusika.ee\/wp-content\/uploads\/2021\/04\/Varahommikune-udu_1-1-1024x731.jpg\" alt=\"\" class=\"wp-image-885\" width=\"627\" height=\"448\" srcset=\"https:\/\/www.maaljamuusika.ee\/wp-content\/uploads\/2021\/04\/Varahommikune-udu_1-1-1024x731.jpg 1024w, https:\/\/www.maaljamuusika.ee\/wp-content\/uploads\/2021\/04\/Varahommikune-udu_1-1-300x214.jpg 300w, https:\/\/www.maaljamuusika.ee\/wp-content\/uploads\/2021\/04\/Varahommikune-udu_1-1-768x548.jpg 768w, https:\/\/www.maaljamuusika.ee\/wp-content\/uploads\/2021\/04\/Varahommikune-udu_1-1-1536x1096.jpg 1536w, https:\/\/www.maaljamuusika.ee\/wp-content\/uploads\/2021\/04\/Varahommikune-udu_1-1-2048x1461.jpg 2048w\" sizes=\"(max-width: 627px) 100vw, 627px\" \/><figcaption>Varahommikune udu  akvarell  15&#215;21   75\u20ac<\/figcaption><\/figure>\n\n\n\n<figure class=\"wp-block-image size-large is-resized\"><img loading=\"lazy\" decoding=\"async\" src=\"https:\/\/maaljamuusika.ee\/wp-content\/uploads\/2021\/04\/Varahommikune-udu_3-1024x767.jpg\" alt=\"\" class=\"wp-image-887\" width=\"633\" height=\"474\" srcset=\"https:\/\/www.maaljamuusika.ee\/wp-content\/uploads\/2021\/04\/Varahommikune-udu_3-1024x767.jpg 1024w, https:\/\/www.maaljamuusika.ee\/wp-content\/uploads\/2021\/04\/Varahommikune-udu_3-300x225.jpg 300w, https:\/\/www.maaljamuusika.ee\/wp-content\/uploads\/2021\/04\/Varahommikune-udu_3-768x575.jpg 768w, https:\/\/www.maaljamuusika.ee\/wp-content\/uploads\/2021\/04\/Varahommikune-udu_3-1536x1150.jpg 1536w, https:\/\/www.maaljamuusika.ee\/wp-content\/uploads\/2021\/04\/Varahommikune-udu_3-2048x1534.jpg 2048w\" sizes=\"(max-width: 633px) 100vw, 633px\" \/><figcaption>Varahommikune udu akvarell (raamitud)    75\u20ac<\/figcaption><\/figure>\n\n\n\n<figure class=\"wp-block-image size-large is-resized\"><img loading=\"lazy\" decoding=\"async\" src=\"https:\/\/maaljamuusika.ee\/wp-content\/uploads\/2021\/04\/Varsti-peaks-meri-paistma_1-1024x703.jpg\" alt=\"\" class=\"wp-image-888\" width=\"628\" height=\"431\" srcset=\"https:\/\/www.maaljamuusika.ee\/wp-content\/uploads\/2021\/04\/Varsti-peaks-meri-paistma_1-1024x703.jpg 1024w, https:\/\/www.maaljamuusika.ee\/wp-content\/uploads\/2021\/04\/Varsti-peaks-meri-paistma_1-300x206.jpg 300w, https:\/\/www.maaljamuusika.ee\/wp-content\/uploads\/2021\/04\/Varsti-peaks-meri-paistma_1-768x527.jpg 768w, https:\/\/www.maaljamuusika.ee\/wp-content\/uploads\/2021\/04\/Varsti-peaks-meri-paistma_1-1536x1054.jpg 1536w, https:\/\/www.maaljamuusika.ee\/wp-content\/uploads\/2021\/04\/Varsti-peaks-meri-paistma_1-2048x1406.jpg 2048w\" sizes=\"(max-width: 628px) 100vw, 628px\" \/><figcaption>Varsti peaks meri paistma akvarell 15&#215;21    75\u20ac <\/figcaption><\/figure>\n\n\n\n<figure class=\"wp-block-image size-large is-resized\"><img loading=\"lazy\" decoding=\"async\" src=\"https:\/\/maaljamuusika.ee\/wp-content\/uploads\/2021\/04\/Varsti-peaks-meri-paistma_3-1024x759.jpg\" alt=\"\" class=\"wp-image-889\" width=\"638\" height=\"473\" srcset=\"https:\/\/www.maaljamuusika.ee\/wp-content\/uploads\/2021\/04\/Varsti-peaks-meri-paistma_3-1024x759.jpg 1024w, https:\/\/www.maaljamuusika.ee\/wp-content\/uploads\/2021\/04\/Varsti-peaks-meri-paistma_3-300x223.jpg 300w, https:\/\/www.maaljamuusika.ee\/wp-content\/uploads\/2021\/04\/Varsti-peaks-meri-paistma_3-768x570.jpg 768w, https:\/\/www.maaljamuusika.ee\/wp-content\/uploads\/2021\/04\/Varsti-peaks-meri-paistma_3-1536x1139.jpg 1536w, https:\/\/www.maaljamuusika.ee\/wp-content\/uploads\/2021\/04\/Varsti-peaks-meri-paistma_3-2048x1519.jpg 2048w\" sizes=\"(max-width: 638px) 100vw, 638px\" \/><figcaption>Varsti peaks meri paistma akvarell (raamitud)  75\u20ac<\/figcaption><\/figure>\n\n\n\n<figure class=\"wp-block-image size-large is-resized\"><img loading=\"lazy\" decoding=\"async\" src=\"https:\/\/maaljamuusika.ee\/wp-content\/uploads\/2021\/04\/Ohtune-suplus_1-1024x661.jpg\" alt=\"\" class=\"wp-image-891\" width=\"636\" height=\"411\" srcset=\"https:\/\/www.maaljamuusika.ee\/wp-content\/uploads\/2021\/04\/Ohtune-suplus_1-1024x661.jpg 1024w, https:\/\/www.maaljamuusika.ee\/wp-content\/uploads\/2021\/04\/Ohtune-suplus_1-300x194.jpg 300w, https:\/\/www.maaljamuusika.ee\/wp-content\/uploads\/2021\/04\/Ohtune-suplus_1-768x496.jpg 768w, https:\/\/www.maaljamuusika.ee\/wp-content\/uploads\/2021\/04\/Ohtune-suplus_1-1536x991.jpg 1536w, https:\/\/www.maaljamuusika.ee\/wp-content\/uploads\/2021\/04\/Ohtune-suplus_1.jpg 1591w\" sizes=\"(max-width: 636px) 100vw, 636px\" \/><figcaption>\u00d5htune suplus  akvarell  15&#215;21    50\u20ac<\/figcaption><\/figure>\n\n\n\n<figure class=\"wp-block-image size-large is-resized\"><img loading=\"lazy\" decoding=\"async\" src=\"https:\/\/maaljamuusika.ee\/wp-content\/uploads\/2021\/04\/Ohtune-suplus_3-1024x768.jpg\" alt=\"\" class=\"wp-image-893\" width=\"639\" height=\"479\" srcset=\"https:\/\/www.maaljamuusika.ee\/wp-content\/uploads\/2021\/04\/Ohtune-suplus_3-1024x768.jpg 1024w, https:\/\/www.maaljamuusika.ee\/wp-content\/uploads\/2021\/04\/Ohtune-suplus_3-300x225.jpg 300w, https:\/\/www.maaljamuusika.ee\/wp-content\/uploads\/2021\/04\/Ohtune-suplus_3-768x576.jpg 768w, https:\/\/www.maaljamuusika.ee\/wp-content\/uploads\/2021\/04\/Ohtune-suplus_3-1536x1153.jpg 1536w, https:\/\/www.maaljamuusika.ee\/wp-content\/uploads\/2021\/04\/Ohtune-suplus_3-2048x1537.jpg 2048w\" sizes=\"(max-width: 639px) 100vw, 639px\" \/><figcaption>\u00d5htune suplus akvarell (raamitud)    75\u20ac<\/figcaption><\/figure>\n\n\n\n<figure class=\"wp-block-image size-large is-resized\"><img loading=\"lazy\" decoding=\"async\" src=\"https:\/\/maaljamuusika.ee\/wp-content\/uploads\/2021\/04\/Argates_1-1024x693.jpg\" alt=\"\" class=\"wp-image-895\" width=\"634\" height=\"429\" srcset=\"https:\/\/www.maaljamuusika.ee\/wp-content\/uploads\/2021\/04\/Argates_1-1024x693.jpg 1024w, https:\/\/www.maaljamuusika.ee\/wp-content\/uploads\/2021\/04\/Argates_1-300x203.jpg 300w, https:\/\/www.maaljamuusika.ee\/wp-content\/uploads\/2021\/04\/Argates_1-768x520.jpg 768w, https:\/\/www.maaljamuusika.ee\/wp-content\/uploads\/2021\/04\/Argates_1-1536x1040.jpg 1536w, https:\/\/www.maaljamuusika.ee\/wp-content\/uploads\/2021\/04\/Argates_1-2048x1387.jpg 2048w\" sizes=\"(max-width: 634px) 100vw, 634px\" \/><figcaption>\u00c4rgates  akvarell  15&#215;21   50\u20ac<\/figcaption><\/figure>\n\n\n\n<figure class=\"wp-block-image size-large is-resized\"><img loading=\"lazy\" decoding=\"async\" src=\"https:\/\/maaljamuusika.ee\/wp-content\/uploads\/2021\/04\/Argates_3-1024x766.jpg\" alt=\"\" class=\"wp-image-896\" width=\"631\" height=\"472\" srcset=\"https:\/\/www.maaljamuusika.ee\/wp-content\/uploads\/2021\/04\/Argates_3-1024x766.jpg 1024w, https:\/\/www.maaljamuusika.ee\/wp-content\/uploads\/2021\/04\/Argates_3-300x224.jpg 300w, https:\/\/www.maaljamuusika.ee\/wp-content\/uploads\/2021\/04\/Argates_3-768x574.jpg 768w, https:\/\/www.maaljamuusika.ee\/wp-content\/uploads\/2021\/04\/Argates_3-1536x1149.jpg 1536w, https:\/\/www.maaljamuusika.ee\/wp-content\/uploads\/2021\/04\/Argates_3-2048x1531.jpg 2048w\" sizes=\"(max-width: 631px) 100vw, 631px\" \/><figcaption>\u00c4rgates akvarell  (raamitud)    75\u20ac<\/figcaption><\/figure>\n","protected":false},"excerpt":{"rendered":"<p>J\u00fcri&nbsp;\u0160estakov&nbsp;(s\u00fcndinud Juri; 15. VI 1936&nbsp;Leningrad), maalikunstnik ja laulja (tenor).&nbsp;Eesti Kunstnike Liidu&nbsp;liige (1969). Vanemad t\u00f6\u00f6lised. Oli aastast 1962 abielus&nbsp;Heli \u0160estakovaga. L\u00f5petas 1966 maali erialal&nbsp;Eesti NSV Riikliku Kunstiinstituudi, laulmist \u00f5ppinud&nbsp;Olga Lundi,&nbsp;Henn Pai&nbsp;ja&nbsp;Endel Ani&nbsp;juures. T\u00f6\u00f6tanud 1971\u201381 (vaheaegadega)&nbsp;Tartu&nbsp;Arsi&nbsp;dekooriateljees. Laulnud 1973\u201398 (vaheaegadega)&nbsp;Vanemuise&nbsp;kooris, m\u00e4nginud s\u00f5nalavastustes, olnud 1999\u20132002 teatri dekoraator. Maalinud vanemuislasi.Osi:Esimene s\u00f5dur (Kangro&nbsp;Ohver, 1983)Geronte (Faliku&nbsp;Kelmuste kool, 1984) Kirjandus R. Hanson.Kunstnik j\u00e4i &hellip;<\/p>\n<p class=\"read-more\"> <a class=\"\" href=\"https:\/\/www.maaljamuusika.ee\/index.php\/shestakovide-maalid\/\"> <span class=\"screen-reader-text\">Shestakovide maalid<\/span> Read More &raquo;<\/a><\/p>\n","protected":false},"author":1,"featured_media":0,"parent":0,"menu_order":0,"comment_status":"closed","ping_status":"closed","template":"","meta":{"footnotes":""},"class_list":["post-676","page","type-page","status-publish","hentry"],"_links":{"self":[{"href":"https:\/\/www.maaljamuusika.ee\/index.php\/wp-json\/wp\/v2\/pages\/676","targetHints":{"allow":["GET"]}}],"collection":[{"href":"https:\/\/www.maaljamuusika.ee\/index.php\/wp-json\/wp\/v2\/pages"}],"about":[{"href":"https:\/\/www.maaljamuusika.ee\/index.php\/wp-json\/wp\/v2\/types\/page"}],"author":[{"embeddable":true,"href":"https:\/\/www.maaljamuusika.ee\/index.php\/wp-json\/wp\/v2\/users\/1"}],"replies":[{"embeddable":true,"href":"https:\/\/www.maaljamuusika.ee\/index.php\/wp-json\/wp\/v2\/comments?post=676"}],"version-history":[{"count":5,"href":"https:\/\/www.maaljamuusika.ee\/index.php\/wp-json\/wp\/v2\/pages\/676\/revisions"}],"predecessor-version":[{"id":900,"href":"https:\/\/www.maaljamuusika.ee\/index.php\/wp-json\/wp\/v2\/pages\/676\/revisions\/900"}],"wp:attachment":[{"href":"https:\/\/www.maaljamuusika.ee\/index.php\/wp-json\/wp\/v2\/media?parent=676"}],"curies":[{"name":"wp","href":"https:\/\/api.w.org\/{rel}","templated":true}]}}