{"id":498,"date":"2021-01-29T11:47:52","date_gmt":"2021-01-29T11:47:52","guid":{"rendered":"https:\/\/maaljamuusika.ee\/?page_id=498"},"modified":"2025-07-12T21:11:22","modified_gmt":"2025-07-12T21:11:22","slug":"meist","status":"publish","type":"page","link":"https:\/\/www.maaljamuusika.ee\/index.php\/meist\/","title":{"rendered":"Meist"},"content":{"rendered":"\t\t<div data-elementor-type=\"wp-page\" data-elementor-id=\"498\" class=\"elementor elementor-498\">\n\t\t\t\t<div class=\"elementor-element elementor-element-75213f5f e-flex e-con-boxed e-con e-parent\" data-id=\"75213f5f\" data-element_type=\"container\">\n\t\t\t\t\t<div class=\"e-con-inner\">\n\t\t\t\t<div class=\"elementor-element elementor-element-7d02adc8 elementor-widget elementor-widget-text-editor\" data-id=\"7d02adc8\" data-element_type=\"widget\" data-widget_type=\"text-editor.default\">\n\t\t\t\t<div class=\"elementor-widget-container\">\n\t\t\t\t\t\t\t<!-- wp:paragraph -->\n<p>Meie lehel saate osta kunstnik Kaie \u0160estakova-Karu maale ning tellida k\u00e4sitsi tehtud kaarte k\u00f5ikideks t\u00e4htp\u00e4evadeks. Samuti saate meie kaudu tellida oma \u00fcritusele elavat muusikat tunnustatud pianist Sven-Sander \u0160estakovi esituses.<\/p>\n<!-- \/wp:paragraph --><!-- wp:paragraph -->\n<p>\u00a0<\/p>\n<!-- \/wp:paragraph --><!-- wp:paragraph -->\n<p>On our page, you can purchase the paintings of artist Kaie \u0160estakova-Karu, and order hand-painted cards for every occasion. You can also hire the acclaimed pianist Sven-Sander \u0160estakov to perform at your event through contacting us.<\/p>\n<!-- \/wp:paragraph --><!-- wp:columns -->\n<div class=\"wp-block-columns\"><!-- wp:column {\"width\":\"100%\"} -->\n<div class=\"wp-block-column\" style=\"flex-basis: 100%;\"><!-- wp:image {\"id\":541,\"width\":130,\"height\":172,\"sizeSlug\":\"large\",\"linkDestination\":\"none\"} -->\n<figure class=\"wp-block-image size-large is-resized\"><img decoding=\"async\" class=\"wp-image-541\" src=\"https:\/\/maaljamuusika.ee\/wp-content\/uploads\/2021\/02\/20200608_131858-768x1024.jpg\" alt=\"\" width=\"130\" height=\"172\" \/>\n<figcaption class=\"wp-element-caption\">Kaie \u0160estakova-Karu- Omanik, juhatuse liige, maalikunstnik<\/figcaption>\n<\/figure>\n<!-- \/wp:image --><\/div>\n<!-- \/wp:column --><\/div>\n<!-- \/wp:columns --><!-- wp:paragraph -->\n<p>Telefon: 55584564<\/p>\n<!-- \/wp:paragraph --><!-- wp:paragraph -->\n<p>Email: maaljamuusika@gmail.com<\/p>\n<!-- \/wp:paragraph --><!-- wp:paragraph -->\n<p>S\u00fcndisin 16.dets. 1965a.Tallinnas.Alates 1968.a elan Tartus. 1985.a. l\u00f5petasin Tartu Kunstikooli.1986 aastast esinen n\u00e4itustel. Olen Kunstnike Liidu liige 2003 aastast, esinenud paljudel \u00fchisn\u00e4itustel. Korduvalt olen teinud isikn\u00e4itusi.Viimane isikn\u00e4itus oli \u00fcleval 2017 aasta alguses. 1994-2009 t\u00f6\u00f6tasin teatris Vanemuine grimmeerijana. \u00dcks paljudest teatriteemalistest n\u00e4itustest oli \u00fcleval 2011a. Tallinnas Nokia kontsertimajas. N\u00e4itusi olen korraldanud ka v\u00e4lismaal ja paljud minu t\u00f6\u00f6d on oma koha leidnud erakogudes.Kuna p\u00e4rinen kunstnike perest ,olen osalenud paljudel peren\u00e4itustel. Suurim meie pere \u00fchisn\u00e4itus oli 1997a. Tartu Kunstnike majas, kus olid esindatud minu ema Heli \u0160estakova, isa J\u00fcri \u0160estakov ja vendade Boriss ja J\u00fcri-Illimar \u0160estakov-Reinbergi t\u00f6\u00f6d.T\u00e4htis koht minu elus on v\u00e4rvidel ja just sellep\u00e4rast iseloomustab minu t\u00f6id suur v\u00e4rvik\u00fcllus. Oli periood kus mulle meeldis maalida pastoosnelt ja oli ka aeg mil minu maalid olid enamuses tumedates toonides.Inspiratsiooni oma maalide loomiseks olen saanud n\u00e4iteks oma koduaiast, lemmikloomadest, luulest, muusikast, teatrist.<\/p>\n<!-- \/wp:paragraph --><!-- wp:paragraph -->\n<p><strong>Teil on v\u00f5imalik tellida minult t\u00e4htp\u00e4evadeks maalitud kaarte, samuti maalin foto j\u00e4rgi portreesid ja mind on v\u00f5imalik kutsuda oma \u00fcritusele joonistama portreid.<\/strong><\/p>\n<!-- \/wp:paragraph --><!-- wp:image {\"id\":548,\"width\":145,\"height\":145,\"sizeSlug\":\"large\",\"linkDestination\":\"none\"} -->\n<figure class=\"wp-block-image size-large is-resized\"><img decoding=\"async\" class=\"wp-image-548\" src=\"https:\/\/maaljamuusika.ee\/wp-content\/uploads\/2021\/02\/Enno-pilt-1024x1024.jpg\" alt=\"\" width=\"145\" height=\"145\" \/>\n<figcaption class=\"wp-element-caption\">Enno Karu- Juhatuse liige<\/figcaption>\n<\/figure>\n<!-- \/wp:image --><!-- wp:paragraph -->\n<p>Telefon: 56484528<\/p>\n<!-- \/wp:paragraph --><!-- wp:paragraph -->\n<p>56954597<\/p>\n<!-- \/wp:paragraph --><!-- wp:image {\"id\":672,\"width\":202,\"height\":202,\"sizeSlug\":\"large\",\"linkDestination\":\"none\"} -->\n<figure class=\"wp-block-image size-large is-resized\"><img decoding=\"async\" class=\"wp-image-672\" src=\"https:\/\/maaljamuusika.ee\/wp-content\/uploads\/2021\/02\/IMG_20200121_124638_2_2-1024x1024.jpg\" alt=\"\" width=\"202\" height=\"202\" srcset=\"https:\/\/www.maaljamuusika.ee\/wp-content\/uploads\/2021\/02\/IMG_20200121_124638_2_2-1024x1024.jpg 1024w, https:\/\/www.maaljamuusika.ee\/wp-content\/uploads\/2021\/02\/IMG_20200121_124638_2_2-300x300.jpg 300w, https:\/\/www.maaljamuusika.ee\/wp-content\/uploads\/2021\/02\/IMG_20200121_124638_2_2-150x150.jpg 150w, https:\/\/www.maaljamuusika.ee\/wp-content\/uploads\/2021\/02\/IMG_20200121_124638_2_2-768x767.jpg 768w, https:\/\/www.maaljamuusika.ee\/wp-content\/uploads\/2021\/02\/IMG_20200121_124638_2_2-1536x1536.jpg 1536w, https:\/\/www.maaljamuusika.ee\/wp-content\/uploads\/2021\/02\/IMG_20200121_124638_2_2-2048x2048.jpg 2048w\" sizes=\"(max-width: 202px) 100vw, 202px\" \/>\n<figcaption class=\"wp-element-caption\">Sven-Sander \u0160estakov- juhatuse liige, pianist<\/figcaption>\n<\/figure>\n<!-- \/wp:image --><!-- wp:paragraph -->\n<p>55584675<\/p>\n<!-- \/wp:paragraph --><!-- wp:paragraph -->\n<p>Email: maaljamuusika@gmail.com<\/p>\n<!-- \/wp:paragraph --><!-- wp:paragraph -->\n<p>S\u00fcndisin 1997 a Tartus. Klaverim\u00e4nguga alustasin viieaastaselt Tartu I muusikakoolis, ning hiljem j\u00e4tkasin Tartu Heino Elleri nim Muusikakoolis. Hetkel \u00f5pin Eesti Muusika -ja teatriakadeemias magistrantuuris. Olen edukalt osalenud nii vabariiklikel kui ka rahvusvahelistel konkurssidel, ning esinenud ERSO, Tallinna kammerorkestri, ning ansambli &#8220;Tel Avivi solistid&#8221; ees selliste dirigentidega nagu Kaspar M\u00e4nd, Olari Elts ja Andres Mustonen. 2018 a. v\u00f5tsin osa telekonkursist &#8220;Klassikat\u00e4hed&#8221;, kus j\u00f5udsin poolfinaali. Heliloominguga olen tegelenud aastast 2015, ning samuti osa v\u00f5tnud mitmetest konkurssidest, millest v\u00f5itnud olen 2018 a. Lustliku Klaveri noorte heliloojate konkursi.<\/p>\n<!-- \/wp:paragraph -->\t\t\t\t\t\t<\/div>\n\t\t\t\t<\/div>\n\t\t\t\t\t<\/div>\n\t\t\t\t<\/div>\n\t\t\t\t<\/div>\n\t\t","protected":false},"excerpt":{"rendered":"<p>Meie lehel saate osta kunstnik Kaie \u0160estakova-Karu maale ning tellida k\u00e4sitsi tehtud kaarte k\u00f5ikideks t\u00e4htp\u00e4evadeks. Samuti saate meie kaudu tellida oma \u00fcritusele elavat muusikat tunnustatud pianist Sven-Sander \u0160estakovi esituses. \u00a0 On our page, you can purchase the paintings of artist Kaie \u0160estakova-Karu, and order hand-painted cards for every occasion. You can also hire the acclaimed &hellip;<\/p>\n<p class=\"read-more\"> <a class=\"\" href=\"https:\/\/www.maaljamuusika.ee\/index.php\/meist\/\"> <span class=\"screen-reader-text\">Meist<\/span> Read More &raquo;<\/a><\/p>\n","protected":false},"author":1,"featured_media":0,"parent":0,"menu_order":0,"comment_status":"closed","ping_status":"closed","template":"","meta":{"footnotes":""},"class_list":["post-498","page","type-page","status-publish","hentry"],"_links":{"self":[{"href":"https:\/\/www.maaljamuusika.ee\/index.php\/wp-json\/wp\/v2\/pages\/498","targetHints":{"allow":["GET"]}}],"collection":[{"href":"https:\/\/www.maaljamuusika.ee\/index.php\/wp-json\/wp\/v2\/pages"}],"about":[{"href":"https:\/\/www.maaljamuusika.ee\/index.php\/wp-json\/wp\/v2\/types\/page"}],"author":[{"embeddable":true,"href":"https:\/\/www.maaljamuusika.ee\/index.php\/wp-json\/wp\/v2\/users\/1"}],"replies":[{"embeddable":true,"href":"https:\/\/www.maaljamuusika.ee\/index.php\/wp-json\/wp\/v2\/comments?post=498"}],"version-history":[{"count":5,"href":"https:\/\/www.maaljamuusika.ee\/index.php\/wp-json\/wp\/v2\/pages\/498\/revisions"}],"predecessor-version":[{"id":1457,"href":"https:\/\/www.maaljamuusika.ee\/index.php\/wp-json\/wp\/v2\/pages\/498\/revisions\/1457"}],"wp:attachment":[{"href":"https:\/\/www.maaljamuusika.ee\/index.php\/wp-json\/wp\/v2\/media?parent=498"}],"curies":[{"name":"wp","href":"https:\/\/api.w.org\/{rel}","templated":true}]}}